{"id":654,"date":"2016-06-22T08:03:42","date_gmt":"2016-06-22T08:03:42","guid":{"rendered":"http:\/\/medigroup.mikado-themes.com\/?page_id=654"},"modified":"2026-03-25T21:51:18","modified_gmt":"2026-03-25T21:51:18","slug":"main-home","status":"publish","type":"page","link":"https:\/\/universidadmadres.ar\/","title":{"rendered":"Main Home"},"content":{"rendered":"<p>[vc_row][vc_column][rev_slider_vc alias=\u00bbCursos2026&#8243;][\/vc_column][\/vc_row][vc_row content_width=\u00bbgrid\u00bb][vc_column][\/vc_column][\/vc_row][vc_row content_width=\u00bbgrid\u00bb content_aligment=\u00bbcenter\u00bb css=\u00bb.vc_custom_1466673097214{padding-top: 107px !important;padding-bottom: 115px !important;background-color: #f7f7f7 !important;}\u00bb][vc_column]<div class=\"mkd-section-title-holder\">\n\t<h2 class=\"mkd-section-title\" >\n\t\u00a1Sumate a las propuestas formativas de la Universidad de las Madres!<\/h2>\n<\/div><div class=\"mkd-section-subtitle-holder mkd-section-subtitle-center\" style=\"width: 80%\">\n\t<p style=\"text-align: center;\" class=\"mkd-section-subtitle\">``Las Madres queremos que los j\u00f3venes aprendan a darle valor a la vida y a la palabra``<\/p>\n<\/div>[vc_empty_space height=\u00bb87px\u00bb]<div class=\"mkd-card-slider mkd-card-image-overlap mkd-card-circular\"  data-space=\"33\" data-columns=\"4\" data-separation=\"30\"><div class=\"mkd-card-slider-inner\"><div class=\"mkd-card\">\n\t<div class=\"mkd-card-inner\">\n\t\t<div class=\"mkd-card-image-holder\">\n\t\t\t<div class=\"mkd-card-image-wrapper\">\n\t\t\t\t<div class=\"mkd-card-behind-image\"><\/div>\n\t\t\t\t<img loading=\"lazy\" decoding=\"async\" width=\"1280\" height=\"790\" src=\"https:\/\/universidadmadres.ar\/wp-content\/uploads\/2026\/03\/WhatsApp-Image-2026-03-04-at-8.06.50-AM-1.jpeg\" class=\"mkd-card-image\" alt=\"\" srcset=\"https:\/\/universidadmadres.ar\/wp-content\/uploads\/2026\/03\/WhatsApp-Image-2026-03-04-at-8.06.50-AM-1.jpeg 1280w, https:\/\/universidadmadres.ar\/wp-content\/uploads\/2026\/03\/WhatsApp-Image-2026-03-04-at-8.06.50-AM-1-300x185.jpeg 300w, https:\/\/universidadmadres.ar\/wp-content\/uploads\/2026\/03\/WhatsApp-Image-2026-03-04-at-8.06.50-AM-1-1024x632.jpeg 1024w, https:\/\/universidadmadres.ar\/wp-content\/uploads\/2026\/03\/WhatsApp-Image-2026-03-04-at-8.06.50-AM-1-768x474.jpeg 768w\" sizes=\"auto, (max-width: 1280px) 100vw, 1280px\" \/>\t\t\t<\/div>\n\t\t\t<div class=\"mkd-card-below-image\"><\/div>\n\t\t<\/div>\n\t\t<div class=\"mkd-card-text-holder\">\n                            <h5>Seminario: \u201cTeor\u00eda y praxis del video pol\u00edtico callejero\u201c<\/h5>\n                        \t\t\t                <a href=\"https:\/\/universidadmadres.ar\/?page_id=4277\" target=\"_blank\">Ver Curso<\/a>\n            \t\t<\/div>\n\t<\/div>\n<\/div><div class=\"mkd-card\">\n\t<div class=\"mkd-card-inner\">\n\t\t<div class=\"mkd-card-image-holder\">\n\t\t\t<div class=\"mkd-card-image-wrapper\">\n\t\t\t\t<div class=\"mkd-card-behind-image\"><\/div>\n\t\t\t\t<img loading=\"lazy\" decoding=\"async\" width=\"1024\" height=\"824\" src=\"https:\/\/universidadmadres.ar\/wp-content\/uploads\/2026\/03\/WhatsApp-Image-2026-03-04-at-8.04.43-AM-2.jpg\" class=\"mkd-card-image\" alt=\"\" srcset=\"https:\/\/universidadmadres.ar\/wp-content\/uploads\/2026\/03\/WhatsApp-Image-2026-03-04-at-8.04.43-AM-2.jpg 1024w, https:\/\/universidadmadres.ar\/wp-content\/uploads\/2026\/03\/WhatsApp-Image-2026-03-04-at-8.04.43-AM-2-300x241.jpg 300w, https:\/\/universidadmadres.ar\/wp-content\/uploads\/2026\/03\/WhatsApp-Image-2026-03-04-at-8.04.43-AM-2-768x618.jpg 768w\" sizes=\"auto, (max-width: 1024px) 100vw, 1024px\" \/>\t\t\t<\/div>\n\t\t\t<div class=\"mkd-card-below-image\"><\/div>\n\t\t<\/div>\n\t\t<div class=\"mkd-card-text-holder\">\n                            <h5>Seminario: \u201cPensamiento Revolucionario: Marx y Lenin para el siglo XXI\u201d<\/h5>\n                        \t\t\t                <a href=\"https:\/\/universidadmadres.ar\/?page_id=4281\" target=\"_blank\">Ver Curso<\/a>\n            \t\t<\/div>\n\t<\/div>\n<\/div><div class=\"mkd-card\">\n\t<div class=\"mkd-card-inner\">\n\t\t<div class=\"mkd-card-image-holder\">\n\t\t\t<div class=\"mkd-card-image-wrapper\">\n\t\t\t\t<div class=\"mkd-card-behind-image\"><\/div>\n\t\t\t\t<img loading=\"lazy\" decoding=\"async\" width=\"620\" height=\"414\" src=\"https:\/\/universidadmadres.ar\/wp-content\/uploads\/2026\/03\/WhatsApp-Image-2026-03-04-at-8.06.21-AM.jpeg\" class=\"mkd-card-image\" alt=\"\" srcset=\"https:\/\/universidadmadres.ar\/wp-content\/uploads\/2026\/03\/WhatsApp-Image-2026-03-04-at-8.06.21-AM.jpeg 620w, https:\/\/universidadmadres.ar\/wp-content\/uploads\/2026\/03\/WhatsApp-Image-2026-03-04-at-8.06.21-AM-300x200.jpeg 300w\" sizes=\"auto, (max-width: 620px) 100vw, 620px\" \/>\t\t\t<\/div>\n\t\t\t<div class=\"mkd-card-below-image\"><\/div>\n\t\t<\/div>\n\t\t<div class=\"mkd-card-text-holder\">\n                            <h5>Seminario: \u201cLa antipo\u00e9tica de lo real: el documental de investigaci\u00f3n\u201d<\/h5>\n                        \t\t\t                <a href=\"https:\/\/universidadmadres.ar\/?page_id=4285\" target=\"_blank\">Ver Curso<\/a>\n            \t\t<\/div>\n\t<\/div>\n<\/div><div class=\"mkd-card\">\n\t<div class=\"mkd-card-inner\">\n\t\t<div class=\"mkd-card-image-holder\">\n\t\t\t<div class=\"mkd-card-image-wrapper\">\n\t\t\t\t<div class=\"mkd-card-behind-image\"><\/div>\n\t\t\t\t<img loading=\"lazy\" decoding=\"async\" width=\"1280\" height=\"898\" src=\"https:\/\/universidadmadres.ar\/wp-content\/uploads\/2026\/03\/WhatsApp-Image-2026-03-04-at-8.32.17-AM.jpeg\" class=\"mkd-card-image\" alt=\"\" srcset=\"https:\/\/universidadmadres.ar\/wp-content\/uploads\/2026\/03\/WhatsApp-Image-2026-03-04-at-8.32.17-AM.jpeg 1280w, https:\/\/universidadmadres.ar\/wp-content\/uploads\/2026\/03\/WhatsApp-Image-2026-03-04-at-8.32.17-AM-300x210.jpeg 300w, https:\/\/universidadmadres.ar\/wp-content\/uploads\/2026\/03\/WhatsApp-Image-2026-03-04-at-8.32.17-AM-1024x718.jpeg 1024w, https:\/\/universidadmadres.ar\/wp-content\/uploads\/2026\/03\/WhatsApp-Image-2026-03-04-at-8.32.17-AM-768x539.jpeg 768w\" sizes=\"auto, (max-width: 1280px) 100vw, 1280px\" \/>\t\t\t<\/div>\n\t\t\t<div class=\"mkd-card-below-image\"><\/div>\n\t\t<\/div>\n\t\t<div class=\"mkd-card-text-holder\">\n                            <h5>Seminario: \u201cCannabis: sembrando resistencia, cosechando soberan\u00eda terap\u00e9utica\u201d<\/h5>\n                        \t\t\t                <a href=\"https:\/\/universidadmadres.ar\/?page_id=4286\" target=\"_blank\">Ver Curso<\/a>\n            \t\t<\/div>\n\t<\/div>\n<\/div><div class=\"mkd-card\">\n\t<div class=\"mkd-card-inner\">\n\t\t<div class=\"mkd-card-image-holder\">\n\t\t\t<div class=\"mkd-card-image-wrapper\">\n\t\t\t\t<div class=\"mkd-card-behind-image\"><\/div>\n\t\t\t\t<img loading=\"lazy\" decoding=\"async\" width=\"1536\" height=\"1024\" src=\"https:\/\/universidadmadres.ar\/wp-content\/uploads\/2026\/03\/WhatsApp-Image-2026-03-04-at-8.03.08-AM.jpeg\" class=\"mkd-card-image\" alt=\"\" srcset=\"https:\/\/universidadmadres.ar\/wp-content\/uploads\/2026\/03\/WhatsApp-Image-2026-03-04-at-8.03.08-AM.jpeg 1536w, https:\/\/universidadmadres.ar\/wp-content\/uploads\/2026\/03\/WhatsApp-Image-2026-03-04-at-8.03.08-AM-300x200.jpeg 300w, https:\/\/universidadmadres.ar\/wp-content\/uploads\/2026\/03\/WhatsApp-Image-2026-03-04-at-8.03.08-AM-1024x683.jpeg 1024w, https:\/\/universidadmadres.ar\/wp-content\/uploads\/2026\/03\/WhatsApp-Image-2026-03-04-at-8.03.08-AM-768x512.jpeg 768w\" sizes=\"auto, (max-width: 1536px) 100vw, 1536px\" \/>\t\t\t<\/div>\n\t\t\t<div class=\"mkd-card-below-image\"><\/div>\n\t\t<\/div>\n\t\t<div class=\"mkd-card-text-holder\">\n                            <h5>Seminario: \u201cAjedrez: ideas en juego\u201d<\/h5>\n                        \t\t\t                <a href=\"https:\/\/universidadmadres.ar\/?page_id=4287\" target=\"_blank\">Ver Curso<\/a>\n            \t\t<\/div>\n\t<\/div>\n<\/div><div class=\"mkd-card\">\n\t<div class=\"mkd-card-inner\">\n\t\t<div class=\"mkd-card-image-holder\">\n\t\t\t<div class=\"mkd-card-image-wrapper\">\n\t\t\t\t<div class=\"mkd-card-behind-image\"><\/div>\n\t\t\t\t<img loading=\"lazy\" decoding=\"async\" width=\"1280\" height=\"960\" src=\"https:\/\/universidadmadres.ar\/wp-content\/uploads\/2025\/09\/1000136230.jpg\" class=\"mkd-card-image\" alt=\"\" srcset=\"https:\/\/universidadmadres.ar\/wp-content\/uploads\/2025\/09\/1000136230.jpg 1280w, https:\/\/universidadmadres.ar\/wp-content\/uploads\/2025\/09\/1000136230-300x225.jpg 300w, https:\/\/universidadmadres.ar\/wp-content\/uploads\/2025\/09\/1000136230-1024x768.jpg 1024w, https:\/\/universidadmadres.ar\/wp-content\/uploads\/2025\/09\/1000136230-768x576.jpg 768w, https:\/\/universidadmadres.ar\/wp-content\/uploads\/2025\/09\/1000136230-800x600.jpg 800w\" sizes=\"auto, (max-width: 1280px) 100vw, 1280px\" \/>\t\t\t<\/div>\n\t\t\t<div class=\"mkd-card-below-image\"><\/div>\n\t\t<\/div>\n\t\t<div class=\"mkd-card-text-holder\">\n                            <h5>Seminario: \u201cConstrucci\u00f3n colectiva de una guitarra cl\u00e1sica\u201d<\/h5>\n                        \t\t\t                <a href=\"https:\/\/universidadmadres.ar\/?page_id=4290\" target=\"_blank\">Ver Curso<\/a>\n            \t\t<\/div>\n\t<\/div>\n<\/div><div class=\"mkd-card\">\n\t<div class=\"mkd-card-inner\">\n\t\t<div class=\"mkd-card-image-holder\">\n\t\t\t<div class=\"mkd-card-image-wrapper\">\n\t\t\t\t<div class=\"mkd-card-behind-image\"><\/div>\n\t\t\t\t<img loading=\"lazy\" decoding=\"async\" width=\"1280\" height=\"853\" src=\"https:\/\/universidadmadres.ar\/wp-content\/uploads\/2026\/03\/WhatsApp-Image-2026-03-04-at-8.04.03-AM.jpeg\" class=\"mkd-card-image\" alt=\"\" srcset=\"https:\/\/universidadmadres.ar\/wp-content\/uploads\/2026\/03\/WhatsApp-Image-2026-03-04-at-8.04.03-AM.jpeg 1280w, https:\/\/universidadmadres.ar\/wp-content\/uploads\/2026\/03\/WhatsApp-Image-2026-03-04-at-8.04.03-AM-300x200.jpeg 300w, https:\/\/universidadmadres.ar\/wp-content\/uploads\/2026\/03\/WhatsApp-Image-2026-03-04-at-8.04.03-AM-1024x682.jpeg 1024w, https:\/\/universidadmadres.ar\/wp-content\/uploads\/2026\/03\/WhatsApp-Image-2026-03-04-at-8.04.03-AM-768x512.jpeg 768w\" sizes=\"auto, (max-width: 1280px) 100vw, 1280px\" \/>\t\t\t<\/div>\n\t\t\t<div class=\"mkd-card-below-image\"><\/div>\n\t\t<\/div>\n\t\t<div class=\"mkd-card-text-holder\">\n                            <h5>Seminario: \u201cFotoperiodismo. La imagen como testimonio\u201d<\/h5>\n                        \t\t\t                <a href=\"https:\/\/universidadmadres.ar\/?page_id=4293\" target=\"_blank\">Ver Curso<\/a>\n            \t\t<\/div>\n\t<\/div>\n<\/div><div class=\"mkd-card\">\n\t<div class=\"mkd-card-inner\">\n\t\t<div class=\"mkd-card-image-holder\">\n\t\t\t<div class=\"mkd-card-image-wrapper\">\n\t\t\t\t<div class=\"mkd-card-behind-image\"><\/div>\n\t\t\t\t<img loading=\"lazy\" decoding=\"async\" width=\"900\" height=\"588\" src=\"https:\/\/universidadmadres.ar\/wp-content\/uploads\/2026\/03\/WhatsApp-Image-2026-03-04-at-8.05.46-AM.jpeg\" class=\"mkd-card-image\" alt=\"\" srcset=\"https:\/\/universidadmadres.ar\/wp-content\/uploads\/2026\/03\/WhatsApp-Image-2026-03-04-at-8.05.46-AM.jpeg 900w, https:\/\/universidadmadres.ar\/wp-content\/uploads\/2026\/03\/WhatsApp-Image-2026-03-04-at-8.05.46-AM-300x196.jpeg 300w, https:\/\/universidadmadres.ar\/wp-content\/uploads\/2026\/03\/WhatsApp-Image-2026-03-04-at-8.05.46-AM-768x502.jpeg 768w\" sizes=\"auto, (max-width: 900px) 100vw, 900px\" \/>\t\t\t<\/div>\n\t\t\t<div class=\"mkd-card-below-image\"><\/div>\n\t\t<\/div>\n\t\t<div class=\"mkd-card-text-holder\">\n                            <h5>Curso: \u201cOrtega Pe\u00f1a y Duhalde. Abogados entre la historia y la revoluci\u00f3n\u201d<\/h5>\n                        \t\t\t                <a href=\"https:\/\/universidadmadres.ar\/?page_id=4298\" target=\"_blank\">Ver Curso<\/a>\n            \t\t<\/div>\n\t<\/div>\n<\/div><div class=\"mkd-card\">\n\t<div class=\"mkd-card-inner\">\n\t\t<div class=\"mkd-card-image-holder\">\n\t\t\t<div class=\"mkd-card-image-wrapper\">\n\t\t\t\t<div class=\"mkd-card-behind-image\"><\/div>\n\t\t\t\t<img loading=\"lazy\" decoding=\"async\" width=\"1280\" height=\"852\" src=\"https:\/\/universidadmadres.ar\/wp-content\/uploads\/2026\/03\/WhatsApp-Image-2026-03-04-at-8.09.19-AM.jpeg\" class=\"mkd-card-image\" alt=\"\" srcset=\"https:\/\/universidadmadres.ar\/wp-content\/uploads\/2026\/03\/WhatsApp-Image-2026-03-04-at-8.09.19-AM.jpeg 1280w, https:\/\/universidadmadres.ar\/wp-content\/uploads\/2026\/03\/WhatsApp-Image-2026-03-04-at-8.09.19-AM-300x200.jpeg 300w, https:\/\/universidadmadres.ar\/wp-content\/uploads\/2026\/03\/WhatsApp-Image-2026-03-04-at-8.09.19-AM-1024x682.jpeg 1024w, https:\/\/universidadmadres.ar\/wp-content\/uploads\/2026\/03\/WhatsApp-Image-2026-03-04-at-8.09.19-AM-768x511.jpeg 768w\" sizes=\"auto, (max-width: 1280px) 100vw, 1280px\" \/>\t\t\t<\/div>\n\t\t\t<div class=\"mkd-card-below-image\"><\/div>\n\t\t<\/div>\n\t\t<div class=\"mkd-card-text-holder\">\n                            <h5>Curso: ``Historia de las Madres de Plaza de Mayo I (1977-1986): de buscar a los hijos a nacer de ellos``<\/h5>\n                        \t\t\t                <a href=\"https:\/\/universidadmadres.ar\/?page_id=4301\" target=\"_blank\">Ver Curso<\/a>\n            \t\t<\/div>\n\t<\/div>\n<\/div><div class=\"mkd-card\">\n\t<div class=\"mkd-card-inner\">\n\t\t<div class=\"mkd-card-image-holder\">\n\t\t\t<div class=\"mkd-card-image-wrapper\">\n\t\t\t\t<div class=\"mkd-card-behind-image\"><\/div>\n\t\t\t\t<img loading=\"lazy\" decoding=\"async\" width=\"1024\" height=\"697\" src=\"https:\/\/universidadmadres.ar\/wp-content\/uploads\/2026\/03\/WhatsApp-Image-2026-03-04-at-8.07.47-AM-3.jpg\" class=\"mkd-card-image\" alt=\"\" srcset=\"https:\/\/universidadmadres.ar\/wp-content\/uploads\/2026\/03\/WhatsApp-Image-2026-03-04-at-8.07.47-AM-3.jpg 1024w, https:\/\/universidadmadres.ar\/wp-content\/uploads\/2026\/03\/WhatsApp-Image-2026-03-04-at-8.07.47-AM-3-300x204.jpg 300w, https:\/\/universidadmadres.ar\/wp-content\/uploads\/2026\/03\/WhatsApp-Image-2026-03-04-at-8.07.47-AM-3-768x523.jpg 768w\" sizes=\"auto, (max-width: 1024px) 100vw, 1024px\" \/>\t\t\t<\/div>\n\t\t\t<div class=\"mkd-card-below-image\"><\/div>\n\t\t<\/div>\n\t\t<div class=\"mkd-card-text-holder\">\n                            <h5>Curso: \u201cT\u00edteres irreverentes: El Legado de Hebe\u201d<\/h5>\n                        \t\t\t                <a href=\"https:\/\/universidadmadres.ar\/?page_id=4313\" target=\"_blank\">Ver Curso<\/a>\n            \t\t<\/div>\n\t<\/div>\n<\/div><\/div><\/div>[\/vc_column][\/vc_row][vc_row row_type=\u00bbparallax\u00bb content_width=\u00bbgrid\u00bb header_style=\u00bbmkd-dark-header\u00bb content_aligment=\u00bbcenter\u00bb full_screen_section_height=\u00bbno\u00bb parallax_background_image=\u00bb3899&#8243; css=\u00bb.vc_custom_1745331427498{padding-top: 105px !important;padding-bottom: 115px !important;}\u00bb][vc_column]<div class=\"mkd-section-title-holder\">\n\t<h2 class=\"mkd-section-title\" style=\"color: #ffffff;text-align: center\">\n\t\u00a1Conoc\u00e9 todas las novedades de la Universidad de las Madres!<\/h2>\n<\/div><div class=\"mkd-blog-slider-holder\"  data-posts_to_show=\"3\">\n            \n            <div class=\"mkd-blog-slider-item\">\n                <article id=\"post-4382\" class=\"post-4382 post type-post status-publish format-standard has-post-thumbnail hentry category-destacados category-noticias\">\n\n                                            <div class=\"mkd-post-image-content\">\n                            <div class=\"mkd-post-image\">\n                                    <div class=\"mkd-post-image\">\n        <a href=\"https:\/\/universidadmadres.ar\/?p=4382\" title=\"24 de Marzo junto a Las Madres\">\n            <img loading=\"lazy\" decoding=\"async\" width=\"800\" height=\"600\" src=\"https:\/\/universidadmadres.ar\/wp-content\/uploads\/2026\/04\/41-800x600.jpg\" class=\"attachment-medigroup_mikado_landscape size-medigroup_mikado_landscape wp-post-image\" alt=\"\" \/>        <\/a>\n    <\/div>\n                            <\/div>\n                        <\/div>\n                    \n                    <div class=\"mkd-part-content\">\n                        <div class=\"mkd-bs-item-content\">\n                            <div class=\"mkd-bs-item-date\">\n                                <span>marzo 25, 2026<\/span>\n                            <\/div>\n                            <div class=\"mkd-bs-item-text\">\n                                <h4 class=\"mkd-bs-item-title\">\n                                    <a href=\"https:\/\/universidadmadres.ar\/?p=4382\">24 de Marzo junto a Las Madres<\/a><\/h4>\n                                                                    <p class=\"mkd-bs-item-excerpt\">El pasado 24 de marzo, al cumplirse el 50\u00b0 aniversario del golpe de Estado de 1976, las Madres de Plaza de Mayo volvieron a mar<\/p>\n                                                            <\/div>\n                        <\/div>\n                        <div class=\"mkd-author-desc clearfix\">\n                            <div class=\"mkd-image-name clearfix\">\n                                <div class=\"mkd-author-image\">\n                                    <img alt='' src='https:\/\/secure.gravatar.com\/avatar\/851508cb0fe5b14cd18147d742f815a3a9392769614344acc233ff6b8de76015?s=102&#038;d=mm&#038;r=g' class='avatar avatar-102 photo' height='102' width='102' \/>                                <\/div>\n                                <div class=\"mkd-author-name-holder\">\n\n                                    <div class=\"mkd-author\">\n                                        <h6 class=\"mkd-author-name\">\n                                            <span>by <\/span>                                            <a href=\"https:\/\/universidadmadres.ar\/?author=2\">\n                                                Juan Manuel                                             <\/a>\n                                        <\/h6>\n                                    <\/div>\n                                <\/div>\n                            <\/div>\n                        <\/div>\n                    <\/div>\n                <\/article>\n            <\/div>\n        \n            <div class=\"mkd-blog-slider-item\">\n                <article id=\"post-4246\" class=\"post-4246 post type-post status-publish format-standard has-post-thumbnail hentry category-destacados category-noticias\">\n\n                                            <div class=\"mkd-post-image-content\">\n                            <div class=\"mkd-post-image\">\n                                    <div class=\"mkd-post-image\">\n        <a href=\"https:\/\/universidadmadres.ar\/?p=4246\" title=\"Palabra Madre: se anuncian nuevas ediciones de la Universidad\">\n            <img loading=\"lazy\" decoding=\"async\" width=\"800\" height=\"600\" src=\"https:\/\/universidadmadres.ar\/wp-content\/uploads\/2025\/12\/Portada-Libro--800x600.jpg\" class=\"attachment-medigroup_mikado_landscape size-medigroup_mikado_landscape wp-post-image\" alt=\"\" \/>        <\/a>\n    <\/div>\n                            <\/div>\n                        <\/div>\n                    \n                    <div class=\"mkd-part-content\">\n                        <div class=\"mkd-bs-item-content\">\n                            <div class=\"mkd-bs-item-date\">\n                                <span>diciembre 20, 2025<\/span>\n                            <\/div>\n                            <div class=\"mkd-bs-item-text\">\n                                <h4 class=\"mkd-bs-item-title\">\n                                    <a href=\"https:\/\/universidadmadres.ar\/?p=4246\">Palabra Madre: se anuncian nuevas ediciones de la Universidad<\/a><\/h4>\n                                                                    <p class=\"mkd-bs-item-excerpt\">En convenio con la Universit\u00e4t Konstanz de Alemania se editar\u00e1n dos vol\u00famenes recopilatorios de la amplia labor de las Madres e<\/p>\n                                                            <\/div>\n                        <\/div>\n                        <div class=\"mkd-author-desc clearfix\">\n                            <div class=\"mkd-image-name clearfix\">\n                                <div class=\"mkd-author-image\">\n                                    <img alt='' src='https:\/\/secure.gravatar.com\/avatar\/851508cb0fe5b14cd18147d742f815a3a9392769614344acc233ff6b8de76015?s=102&#038;d=mm&#038;r=g' class='avatar avatar-102 photo' height='102' width='102' \/>                                <\/div>\n                                <div class=\"mkd-author-name-holder\">\n\n                                    <div class=\"mkd-author\">\n                                        <h6 class=\"mkd-author-name\">\n                                            <span>by <\/span>                                            <a href=\"https:\/\/universidadmadres.ar\/?author=2\">\n                                                Juan Manuel                                             <\/a>\n                                        <\/h6>\n                                    <\/div>\n                                <\/div>\n                            <\/div>\n                        <\/div>\n                    <\/div>\n                <\/article>\n            <\/div>\n        \n            <div class=\"mkd-blog-slider-item\">\n                <article id=\"post-4257\" class=\"post-4257 post type-post status-publish format-standard has-post-thumbnail hentry category-destacados category-noticias\">\n\n                                            <div class=\"mkd-post-image-content\">\n                            <div class=\"mkd-post-image\">\n                                    <div class=\"mkd-post-image\">\n        <a href=\"https:\/\/universidadmadres.ar\/?p=4257\" title=\"Memoria Viva: Semana Hebe de Bonafini 2025\">\n            <img loading=\"lazy\" decoding=\"async\" width=\"800\" height=\"600\" src=\"https:\/\/universidadmadres.ar\/wp-content\/uploads\/2025\/12\/G7Wk2EoWwAAxvZh-800x600.jpg\" class=\"attachment-medigroup_mikado_landscape size-medigroup_mikado_landscape wp-post-image\" alt=\"\" \/>        <\/a>\n    <\/div>\n                            <\/div>\n                        <\/div>\n                    \n                    <div class=\"mkd-part-content\">\n                        <div class=\"mkd-bs-item-content\">\n                            <div class=\"mkd-bs-item-date\">\n                                <span>diciembre 11, 2025<\/span>\n                            <\/div>\n                            <div class=\"mkd-bs-item-text\">\n                                <h4 class=\"mkd-bs-item-title\">\n                                    <a href=\"https:\/\/universidadmadres.ar\/?p=4257\">Memoria Viva: Semana Hebe de Bonafini 2025<\/a><\/h4>\n                                                                    <p class=\"mkd-bs-item-excerpt\">Una nueva Semana Hebe de Bonafini nos encontr\u00f3 en las calles y en las aulas, agitando su legado. Recuperando la hermosa obra qu<\/p>\n                                                            <\/div>\n                        <\/div>\n                        <div class=\"mkd-author-desc clearfix\">\n                            <div class=\"mkd-image-name clearfix\">\n                                <div class=\"mkd-author-image\">\n                                    <img alt='' src='https:\/\/secure.gravatar.com\/avatar\/851508cb0fe5b14cd18147d742f815a3a9392769614344acc233ff6b8de76015?s=102&#038;d=mm&#038;r=g' class='avatar avatar-102 photo' height='102' width='102' \/>                                <\/div>\n                                <div class=\"mkd-author-name-holder\">\n\n                                    <div class=\"mkd-author\">\n                                        <h6 class=\"mkd-author-name\">\n                                            <span>by <\/span>                                            <a href=\"https:\/\/universidadmadres.ar\/?author=2\">\n                                                Juan Manuel                                             <\/a>\n                                        <\/h6>\n                                    <\/div>\n                                <\/div>\n                            <\/div>\n                        <\/div>\n                    <\/div>\n                <\/article>\n            <\/div>\n        \n            <div class=\"mkd-blog-slider-item\">\n                <article id=\"post-3904\" class=\"post-3904 post type-post status-publish format-standard has-post-thumbnail hentry category-destacados\">\n\n                                            <div class=\"mkd-post-image-content\">\n                            <div class=\"mkd-post-image\">\n                                    <div class=\"mkd-post-image\">\n        <a href=\"https:\/\/universidadmadres.ar\/?p=3904\" title=\"EDUCAR ES COMBATIR\">\n            <img loading=\"lazy\" decoding=\"async\" width=\"800\" height=\"600\" src=\"https:\/\/universidadmadres.ar\/wp-content\/uploads\/2025\/04\/IMG_0306-800x600.jpeg\" class=\"attachment-medigroup_mikado_landscape size-medigroup_mikado_landscape wp-post-image\" alt=\"\" srcset=\"https:\/\/universidadmadres.ar\/wp-content\/uploads\/2025\/04\/IMG_0306-800x600.jpeg 800w, https:\/\/universidadmadres.ar\/wp-content\/uploads\/2025\/04\/IMG_0306-300x225.jpeg 300w, https:\/\/universidadmadres.ar\/wp-content\/uploads\/2025\/04\/IMG_0306-1024x768.jpeg 1024w, https:\/\/universidadmadres.ar\/wp-content\/uploads\/2025\/04\/IMG_0306-768x576.jpeg 768w, https:\/\/universidadmadres.ar\/wp-content\/uploads\/2025\/04\/IMG_0306-1536x1152.jpeg 1536w\" sizes=\"auto, (max-width: 800px) 100vw, 800px\" \/>        <\/a>\n    <\/div>\n                            <\/div>\n                        <\/div>\n                    \n                    <div class=\"mkd-part-content\">\n                        <div class=\"mkd-bs-item-content\">\n                            <div class=\"mkd-bs-item-date\">\n                                <span>mayo 31, 2025<\/span>\n                            <\/div>\n                            <div class=\"mkd-bs-item-text\">\n                                <h4 class=\"mkd-bs-item-title\">\n                                    <a href=\"https:\/\/universidadmadres.ar\/?p=3904\">EDUCAR ES COMBATIR<\/a><\/h4>\n                                                                    <p class=\"mkd-bs-item-excerpt\">Este legado de amor que es la Universidad de las Madres encontrar\u00e1 e inventar\u00e1 los caminos que le permitan continuar con su inv<\/p>\n                                                            <\/div>\n                        <\/div>\n                        <div class=\"mkd-author-desc clearfix\">\n                            <div class=\"mkd-image-name clearfix\">\n                                <div class=\"mkd-author-image\">\n                                    <img alt='' src='https:\/\/secure.gravatar.com\/avatar\/a6441311cf126c7c36ecebe9b1d383db4c9ab8276c75b95d9c161d753ad3dd42?s=102&#038;d=mm&#038;r=g' class='avatar avatar-102 photo' height='102' width='102' \/>                                <\/div>\n                                <div class=\"mkd-author-name-holder\">\n\n                                    <div class=\"mkd-author\">\n                                        <h6 class=\"mkd-author-name\">\n                                            <span>by <\/span>                                            <a href=\"https:\/\/universidadmadres.ar\/?author=1\">\n                                                matias.news@gmail.com                                            <\/a>\n                                        <\/h6>\n                                    <\/div>\n                                <\/div>\n                            <\/div>\n                        <\/div>\n                    <\/div>\n                <\/article>\n            <\/div>\n        \n            <div class=\"mkd-blog-slider-item\">\n                <article id=\"post-3908\" class=\"post-3908 post type-post status-publish format-standard has-post-thumbnail hentry category-destacados\">\n\n                                            <div class=\"mkd-post-image-content\">\n                            <div class=\"mkd-post-image\">\n                                    <div class=\"mkd-post-image\">\n        <a href=\"https:\/\/universidadmadres.ar\/?p=3908\" title=\"Ciclo de Foros Federales: hacia el encuentro por una universidad democr\u00e1tica, popular y feminista\">\n            <img loading=\"lazy\" decoding=\"async\" width=\"800\" height=\"600\" src=\"https:\/\/universidadmadres.ar\/wp-content\/uploads\/2025\/04\/WhatsApp-Image-2025-07-10-at-11.53.10-AM-800x600.jpeg\" class=\"attachment-medigroup_mikado_landscape size-medigroup_mikado_landscape wp-post-image\" alt=\"\" srcset=\"https:\/\/universidadmadres.ar\/wp-content\/uploads\/2025\/04\/WhatsApp-Image-2025-07-10-at-11.53.10-AM-800x600.jpeg 800w, https:\/\/universidadmadres.ar\/wp-content\/uploads\/2025\/04\/WhatsApp-Image-2025-07-10-at-11.53.10-AM-300x225.jpeg 300w, https:\/\/universidadmadres.ar\/wp-content\/uploads\/2025\/04\/WhatsApp-Image-2025-07-10-at-11.53.10-AM-1024x768.jpeg 1024w, https:\/\/universidadmadres.ar\/wp-content\/uploads\/2025\/04\/WhatsApp-Image-2025-07-10-at-11.53.10-AM-768x576.jpeg 768w, https:\/\/universidadmadres.ar\/wp-content\/uploads\/2025\/04\/WhatsApp-Image-2025-07-10-at-11.53.10-AM-1536x1152.jpeg 1536w\" sizes=\"auto, (max-width: 800px) 100vw, 800px\" \/>        <\/a>\n    <\/div>\n                            <\/div>\n                        <\/div>\n                    \n                    <div class=\"mkd-part-content\">\n                        <div class=\"mkd-bs-item-content\">\n                            <div class=\"mkd-bs-item-date\">\n                                <span>abril 24, 2025<\/span>\n                            <\/div>\n                            <div class=\"mkd-bs-item-text\">\n                                <h4 class=\"mkd-bs-item-title\">\n                                    <a href=\"https:\/\/universidadmadres.ar\/?p=3908\">Ciclo de Foros Federales: hacia el encuentro por una universidad democr\u00e1tica, popular y feminista<\/a><\/h4>\n                                                                    <p class=\"mkd-bs-item-excerpt\">En el Auditorio Casa de las Madres, Sede de la Universidad de las Madres de Plaza de Mayo, se realiz\u00f3 el lanzamiento del \u201cCiclo<\/p>\n                                                            <\/div>\n                        <\/div>\n                        <div class=\"mkd-author-desc clearfix\">\n                            <div class=\"mkd-image-name clearfix\">\n                                <div class=\"mkd-author-image\">\n                                    <img alt='' src='https:\/\/secure.gravatar.com\/avatar\/a6441311cf126c7c36ecebe9b1d383db4c9ab8276c75b95d9c161d753ad3dd42?s=102&#038;d=mm&#038;r=g' class='avatar avatar-102 photo' height='102' width='102' \/>                                <\/div>\n                                <div class=\"mkd-author-name-holder\">\n\n                                    <div class=\"mkd-author\">\n                                        <h6 class=\"mkd-author-name\">\n                                            <span>by <\/span>                                            <a href=\"https:\/\/universidadmadres.ar\/?author=1\">\n                                                matias.news@gmail.com                                            <\/a>\n                                        <\/h6>\n                                    <\/div>\n                                <\/div>\n                            <\/div>\n                        <\/div>\n                    <\/div>\n                <\/article>\n            <\/div>\n        \n            <div class=\"mkd-blog-slider-item\">\n                <article id=\"post-449\" class=\"post-449 post type-post status-publish format-standard has-post-thumbnail hentry category-destacados tag-universidad-de-las-madres\">\n\n                                            <div class=\"mkd-post-image-content\">\n                            <div class=\"mkd-post-image\">\n                                    <div class=\"mkd-post-image\">\n        <a href=\"https:\/\/universidadmadres.ar\/?p=449\" title=\"25 aniversario de la Universidad de las Madres\">\n            <img loading=\"lazy\" decoding=\"async\" width=\"800\" height=\"600\" src=\"https:\/\/universidadmadres.ar\/wp-content\/uploads\/2016\/07\/Logos-UNMa-9-800x600.png\" class=\"attachment-medigroup_mikado_landscape size-medigroup_mikado_landscape wp-post-image\" alt=\"\" \/>        <\/a>\n    <\/div>\n                            <\/div>\n                        <\/div>\n                    \n                    <div class=\"mkd-part-content\">\n                        <div class=\"mkd-bs-item-content\">\n                            <div class=\"mkd-bs-item-date\">\n                                <span>abril 24, 2025<\/span>\n                            <\/div>\n                            <div class=\"mkd-bs-item-text\">\n                                <h4 class=\"mkd-bs-item-title\">\n                                    <a href=\"https:\/\/universidadmadres.ar\/?p=449\">25 aniversario de la Universidad de las Madres<\/a><\/h4>\n                                                                    <p class=\"mkd-bs-item-excerpt\">Lorem ipsum dolor sit amet, consectetuer. Proin gravida nibh vel velit auctor aliquet. Aenean sollicitudin, lorem quis bibendum<\/p>\n                                                            <\/div>\n                        <\/div>\n                        <div class=\"mkd-author-desc clearfix\">\n                            <div class=\"mkd-image-name clearfix\">\n                                <div class=\"mkd-author-image\">\n                                    <img alt='' src='https:\/\/secure.gravatar.com\/avatar\/a6441311cf126c7c36ecebe9b1d383db4c9ab8276c75b95d9c161d753ad3dd42?s=102&#038;d=mm&#038;r=g' class='avatar avatar-102 photo' height='102' width='102' \/>                                <\/div>\n                                <div class=\"mkd-author-name-holder\">\n\n                                    <div class=\"mkd-author\">\n                                        <h6 class=\"mkd-author-name\">\n                                            <span>by <\/span>                                            <a href=\"https:\/\/universidadmadres.ar\/?author=1\">\n                                                matias.news@gmail.com                                            <\/a>\n                                        <\/h6>\n                                    <\/div>\n                                <\/div>\n                            <\/div>\n                        <\/div>\n                    <\/div>\n                <\/article>\n            <\/div>\n                    <\/div>[vc_empty_space height=\u00bb87px\u00bb][\/vc_column][\/vc_row][vc_row row_type=\u00bbparallax\u00bb full_screen_section_height=\u00bbno\u00bb section_height=\u00bb570px\u00bb parallax_background_image=\u00bb3869&#8243; css=\u00bb.vc_custom_1745329778783{background-position: center !important;background-repeat: no-repeat !important;background-size: cover !important;}\u00bb][vc_column width=\u00bb1\/2&#8243;][\/vc_column][vc_column width=\u00bb1\/2&#8243;]<div class=\"mkd-elements-holder mkd-responsive-mode-768\" ><div class=\"mkd-elements-holder-item mkd-horizontal-alignment-left\"  >\n\t<div class=\"mkd-elements-holder-item-inner\">\n\t\t<div class=\"mkd-elements-holder-item-content mkd-elements-holder-custom-220594\" style=\"padding: 10% 20% 12% 0%\">\n\t\t\t\t\t\t\t<style type=\"text\/css\" data-type=\"mkd-elements-custom-padding\" scoped>\n\t\t\t\t\t\t\t\t\t\t\t\t\t\t\t@media only screen and (min-width: 1024px) and (max-width: 1280px) {\n\t\t\t\t\t\t.mkd-elements-holder .mkd-elements-holder-item-content.mkd-elements-holder-custom-220594 {\n\t\t\t\t\t\t\tpadding: 6% 9% 8% 3% !important;\n\t\t\t\t\t\t}\n\t\t\t\t\t}\n\n\t\t\t\t\t\t\t\t\t\t\t\t\t\t\t@media only screen and (min-width: 768px) and (max-width: 1024px) {\n\t\t\t\t\t\t.mkd-elements-holder .mkd-elements-holder-item-content.mkd-elements-holder-custom-220594 {\n\t\t\t\t\t\t\tpadding: 10% 0% 12% 0% !important;\n\t\t\t\t\t\t}\n\t\t\t\t\t}\n\n\t\t\t\t\t\t\t\t\t\t\t\t\t\t\t@media only screen and (min-width: 600px) and (max-width: 768px) {\n\t\t\t\t\t\t.mkd-elements-holder .mkd-elements-holder-item-content.mkd-elements-holder-custom-220594 {\n\t\t\t\t\t\t\tpadding: 0% 0% 4% 36% !important;\n\t\t\t\t\t\t}\n\t\t\t\t\t}\n\n\t\t\t\t\t\t\t\t\t\t\t\t\t\t\t@media only screen and (min-width: 480px) and (max-width: 600px) {\n\t\t\t\t\t\t.mkd-elements-holder .mkd-elements-holder-item-content.mkd-elements-holder-custom-220594 {\n\t\t\t\t\t\t\tpadding: 3% 0% 12% 0% !important;\n\t\t\t\t\t\t}\n\t\t\t\t\t}\n\n\t\t\t\t\t\t\t\t\t\t\t\t\t\t\t@media only screen and (max-width: 480px) {\n\t\t\t\t\t\t.mkd-elements-holder .mkd-elements-holder-item-content.mkd-elements-holder-custom-220594 {\n\t\t\t\t\t\t\tpadding: 3% 0% 12% 0% !important;\n\t\t\t\t\t\t}\n\t\t\t\t\t}\n\n\t\t\t\t\t\t\t\t\t<\/style>\n\t\t\t\t\t\t<div class=\"mkd-section-title-holder\">\n\t<h2 class=\"mkd-section-title mkd-section-title-large\" style=\"color: #ffffff;text-transform: capitalize\">\n\tSomos la Universidad de las Madres de Plaza de Mayo<\/h2>\n<\/div>[vc_column_text]<\/p>\n<p style=\"color: #fff; font-size: larger;\">Esta instituci\u00f3n naci\u00f3 como un proyecto de la Asociaci\u00f3n Madres de Plaza de Mayo en el 2000, en donde se dictaban algunas carreras terciarias y cursos. Gracias Madres por brindamos esta casa de estudios en donde aprendemos a honrar la Memoria de nuestro pa\u00eds, a construir una sociedad m\u00e1s inclusiva con los derechos humanos como bandera. Gracias Hebe por tu lucha, por guiarnos siempre con tu amor y fortaleza.<\/p>\n<p>[\/vc_column_text][vc_empty_space height=\u00bb35px\u00bb]<div class=\"mkd-section-subtitle-holder\" >\n\t<p style=\"color: #ffffff;text-transform: capitalize;\" class=\"mkd-section-subtitle\">iDecile NO a la intervenci\u00f3n de Milei!<\/p>\n<\/div>[vc_empty_space height=\u00bb11px\u00bb]\t\t<\/div>\n\t<\/div>\n<\/div><\/div>[\/vc_column][\/vc_row][vc_row content_width=\u00bbgrid\u00bb css=\u00bb.vc_custom_1745331664634{padding-top: 100px !important;padding-bottom: 100px !important;background-color: #ffffff !important;}\u00bb][vc_column][vc_row_inner css=\u00bb.vc_custom_1466601398447{padding-top: 83px !important;}\u00bb][vc_column_inner offset=\u00bbvc_col-lg-4 vc_col-md-6&#8243;][vc_single_image image=\u00bb3880&#8243; img_size=\u00bbfull\u00bb onclick=\u00bbcustom_link\u00bb img_link_target=\u00bb_blank\u00bb link=\u00bbhttps:\/\/madres.org\/\u00bb][\/vc_column_inner][vc_column_inner offset=\u00bbvc_col-lg-4 vc_col-md-6&#8243;][vc_single_image image=\u00bb4074&#8243; img_size=\u00bbfull\u00bb onclick=\u00bbcustom_link\u00bb img_link_target=\u00bb_blank\u00bb link=\u00bbhttps:\/\/universidadmadres.ar\/?p=4068&#8243;][\/vc_column_inner][vc_column_inner offset=\u00bbvc_col-lg-4 vc_col-md-12&#8243;][vc_single_image image=\u00bb3882&#8243; img_size=\u00bbfull\u00bb onclick=\u00bbcustom_link\u00bb img_link_target=\u00bb_blank\u00bb link=\u00bbhttps:\/\/universidadmadres.ar\/?page_id=4078&#8243;][\/vc_column_inner][\/vc_row_inner][\/vc_column][\/vc_row][vc_row content_width=\u00bbgrid\u00bb content_aligment=\u00bbcenter\u00bb css=\u00bb.vc_custom_1467792871968{padding-top: 105px !important;padding-bottom: 75px !important;}\u00bb][vc_column]<div class=\"mkd-section-title-holder\">\n\t<h2 class=\"mkd-section-title\" style=\"text-align: center\">\n\tRecib\u00ed todas nuestras novedades<\/h2>\n<\/div><div class=\"mkd-section-subtitle-holder mkd-section-subtitle-center\" >\n\t<p style=\"text-align: center;\" class=\"mkd-section-subtitle\">Subscribite ahora en nuestro bolet\u00edn!<\/p>\n<\/div>[vc_row_inner css=\u00bb.vc_custom_1467792807686{padding-top: 47px !important;}\u00bb][vc_column_inner offset=\u00bbvc_col-lg-offset-2 vc_col-lg-8&#8243;]\n<div class=\"wpcf7 no-js\" id=\"wpcf7-f1382-o1\" lang=\"en-US\" dir=\"ltr\" data-wpcf7-id=\"1382\">\n<div class=\"screen-reader-response\"><p role=\"status\" aria-live=\"polite\" aria-atomic=\"true\"><\/p> <ul><\/ul><\/div>\n<form action=\"\/index.php?rest_route=%2Fwp%2Fv2%2Fpages%2F654#wpcf7-f1382-o1\" method=\"post\" class=\"wpcf7-form init\" aria-label=\"Contact form\" novalidate=\"novalidate\" data-status=\"init\">\n<fieldset class=\"hidden-fields-container\"><input type=\"hidden\" name=\"_wpcf7\" value=\"1382\" \/><input type=\"hidden\" name=\"_wpcf7_version\" value=\"6.1.1\" \/><input type=\"hidden\" name=\"_wpcf7_locale\" value=\"en_US\" \/><input type=\"hidden\" name=\"_wpcf7_unit_tag\" value=\"wpcf7-f1382-o1\" \/><input type=\"hidden\" name=\"_wpcf7_container_post\" value=\"0\" \/><input type=\"hidden\" name=\"_wpcf7_posted_data_hash\" value=\"\" \/>\n<\/fieldset>\n<div class=\"mkd-newsletter mkd-grid-row small-gutter\">\n\t<div class=\"mkd-grid-col-5 small-gutter\">\n\t\t<p><span class=\"wpcf7-form-control-wrap\" data-name=\"your-name\"><input size=\"40\" maxlength=\"400\" class=\"wpcf7-form-control wpcf7-text wpcf7-validates-as-required\" aria-required=\"true\" aria-invalid=\"false\" placeholder=\"Nombre*\" value=\"\" type=\"text\" name=\"your-name\" \/><\/span>\n\t\t<\/p>\n\t<\/div>\n\t<div class=\"mkd-grid-col-5 small-gutter\">\n\t\t<p><span class=\"wpcf7-form-control-wrap\" data-name=\"your-email\"><input size=\"40\" maxlength=\"400\" class=\"wpcf7-form-control wpcf7-email wpcf7-validates-as-required wpcf7-text wpcf7-validates-as-email\" aria-required=\"true\" aria-invalid=\"false\" placeholder=\"Email*\" value=\"\" type=\"email\" name=\"your-email\" \/><\/span>\n\t\t<\/p>\n\t<\/div>\n\t<div class=\"mkd-grid-col-2 small-gutter\">\n\t\t<p><input class=\"wpcf7-form-control wpcf7-submit has-spinner\" type=\"submit\" value=\"Enviar\" \/>\n\t\t<\/p>\n\t<\/div>\n<\/div><div class=\"wpcf7-response-output\" aria-hidden=\"true\"><\/div>\n<\/form>\n<\/div>\n[\/vc_column_inner][\/vc_row_inner][\/vc_column][\/vc_row][vc_row][vc_column el_class=\u00bboculto\u00bb offset=\u00bbvc_hidden-lg vc_hidden-md vc_hidden-sm vc_hidden-xs\u00bb][vc_row_inner css=\u00bb.vc_custom_1466594224899{margin-top: -85px !important;margin-right: 0px !important;margin-left: 0px !important;background-color: #ffffff !important;}\u00bb][vc_column_inner css=\u00bb.vc_custom_1466667921732{margin-top: 40px !important;margin-bottom: 45px !important;border-right-width: 1px !important;padding-top: 10px !important;padding-right: 60px !important;padding-bottom: 17px !important;padding-left: 50px !important;border-right-color: #eae9e9 !important;border-right-style: solid !important;}\u00bb offset=\u00bbvc_col-lg-4 vc_col-md-12&#8243;]\n<h4 class=\"mkd-custom-font-holder\" style=\"line-height: 18px;font-weight: 400;text-transform: Capitalize;color: #3498db\" data-line-height= 18>\nSiu Guarani<\/h4>[vc_column_text]<\/p>\n<h4>Gestion\u00e1 inscripciones, notas y tr\u00e1mites acad\u00e9micos.<\/h4>\n<p>[\/vc_column_text][vc_empty_space height=\u00bb20px\u00bb][vc_column_text]<a href=\"#\" target=\"_self\" style=\"margin: 0 0 17px 0\" class=\"mkd-btn mkd-btn-medium mkd-btn-solid mkd-btn-hover-outline\"  >\n\t\t<span class=\"mkd-btn-text\">Ver ahora<\/span>\n\t\n\t\t\t<span class=\"mkd-btn-helper\" ><\/span>\n\t<\/a>[\/vc_column_text][\/vc_column_inner][vc_column_inner css=\u00bb.vc_custom_1466667930361{margin-top: 40px !important;margin-bottom: 45px !important;border-right-width: 1px !important;padding-top: 10px !important;padding-right: 60px !important;padding-bottom: 17px !important;padding-left: 50px !important;border-right-color: #eae9e9 !important;border-right-style: solid !important;}\u00bb offset=\u00bbvc_col-lg-4 vc_col-md-12&#8243;]\n<h4 class=\"mkd-custom-font-holder\" style=\"line-height: 18px;font-weight: 400;text-transform: Capitalize;color: #3498db\" data-line-height= 18>\nCalendario Acad\u00e9mico<\/h4>[vc_column_text]<\/p>\n<h4>Fechas clave, clases, ex\u00e1menes e inscripciones.<\/h4>\n<p>[\/vc_column_text][vc_empty_space height=\u00bb20px\u00bb][vc_column_text]<a href=\"#\" target=\"_self\" style=\"margin: 0 0 17px 0\" class=\"mkd-btn mkd-btn-medium mkd-btn-solid mkd-btn-hover-outline\"  >\n\t\t<span class=\"mkd-btn-text\">Ver ahora<\/span>\n\t\n\t\t\t<span class=\"mkd-btn-helper\" ><\/span>\n\t<\/a>[\/vc_column_text][\/vc_column_inner][vc_column_inner css=\u00bb.vc_custom_1466667938957{margin-top: 40px !important;margin-bottom: 45px !important;padding-top: 10px !important;padding-right: 60px !important;padding-bottom: 17px !important;padding-left: 50px !important;}\u00bb offset=\u00bbvc_col-lg-4 vc_col-md-12&#8243;]\n<h4 class=\"mkd-custom-font-holder\" style=\"line-height: 18px;font-weight: 400;text-transform: Capitalize;color: #3498db\" data-line-height= 18>\nCampus Virtual<\/h4>[vc_column_text]<\/p>\n<h4>Acceso a clases, materiales y evaluaciones online.<\/h4>\n<p>[\/vc_column_text][vc_empty_space height=\u00bb20px\u00bb][vc_column_text]<a href=\"#\" target=\"_self\" style=\"margin: 0 0 17px 0\" class=\"mkd-btn mkd-btn-medium mkd-btn-solid mkd-btn-hover-outline\"  >\n\t\t<span class=\"mkd-btn-text\">Ver ahora<\/span>\n\t\n\t\t\t<span class=\"mkd-btn-helper\" ><\/span>\n\t<\/a>[\/vc_column_text][\/vc_column_inner][vc_column_inner][\/vc_column_inner][vc_column_inner][\/vc_column_inner][\/vc_row_inner][\/vc_column][\/vc_row]<\/p>\n","protected":false},"excerpt":{"rendered":"<p>[vc_row][vc_column][rev_slider_vc alias=\u00bbCursos2026&#8243;][\/vc_column][\/vc_row][vc_row content_width=\u00bbgrid\u00bb][vc_column][\/vc_column][\/vc_row][vc_row content_width=\u00bbgrid\u00bb content_aligment=\u00bbcenter\u00bb css=\u00bb.vc_custom_1466673097214{padding-top: 107px !important;padding-bottom: 115px !important;background-color: #f7f7f7 !important;}\u00bb][vc_column][vc_empty_space height=\u00bb87px\u00bb][\/vc_column][\/vc_row][vc_row row_type=\u00bbparallax\u00bb content_width=\u00bbgrid\u00bb header_style=\u00bbmkd-dark-header\u00bb content_aligment=\u00bbcenter\u00bb full_screen_section_height=\u00bbno\u00bb parallax_background_image=\u00bb3899&#8243; css=\u00bb.vc_custom_1745331427498{padding-top: 105px !important;padding-bottom: 115px !important;}\u00bb][vc_column][vc_empty_space height=\u00bb87px\u00bb][\/vc_column][\/vc_row][vc_row row_type=\u00bbparallax\u00bb full_screen_section_height=\u00bbno\u00bb section_height=\u00bb570px\u00bb parallax_background_image=\u00bb3869&#8243; css=\u00bb.vc_custom_1745329778783{background-position: center !important;background-repeat: no-repeat !important;background-size: cover !important;}\u00bb][vc_column width=\u00bb1\/2&#8243;][\/vc_column][vc_column width=\u00bb1\/2&#8243;][\/vc_column][\/vc_row][vc_row content_width=\u00bbgrid\u00bb css=\u00bb.vc_custom_1745331664634{padding-top: 100px !important;padding-bottom: 100px !important;background-color: #ffffff&#8230;<\/p>\n","protected":false},"author":1,"featured_media":0,"parent":0,"menu_order":0,"comment_status":"closed","ping_status":"closed","template":"full-width.php","meta":{"footnotes":""},"class_list":["post-654","page","type-page","status-publish","hentry"],"_links":{"self":[{"href":"https:\/\/universidadmadres.ar\/index.php?rest_route=\/wp\/v2\/pages\/654","targetHints":{"allow":["GET"]}}],"collection":[{"href":"https:\/\/universidadmadres.ar\/index.php?rest_route=\/wp\/v2\/pages"}],"about":[{"href":"https:\/\/universidadmadres.ar\/index.php?rest_route=\/wp\/v2\/types\/page"}],"author":[{"embeddable":true,"href":"https:\/\/universidadmadres.ar\/index.php?rest_route=\/wp\/v2\/users\/1"}],"replies":[{"embeddable":true,"href":"https:\/\/universidadmadres.ar\/index.php?rest_route=%2Fwp%2Fv2%2Fcomments&post=654"}],"version-history":[{"count":66,"href":"https:\/\/universidadmadres.ar\/index.php?rest_route=\/wp\/v2\/pages\/654\/revisions"}],"predecessor-version":[{"id":4360,"href":"https:\/\/universidadmadres.ar\/index.php?rest_route=\/wp\/v2\/pages\/654\/revisions\/4360"}],"wp:attachment":[{"href":"https:\/\/universidadmadres.ar\/index.php?rest_route=%2Fwp%2Fv2%2Fmedia&parent=654"}],"curies":[{"name":"wp","href":"https:\/\/api.w.org\/{rel}","templated":true}]}}