{"id":4672,"date":"2026-09-02T02:39:26","date_gmt":"2026-09-02T02:39:26","guid":{"rendered":"https:\/\/universidadmadres.ar\/?page_id=4672"},"modified":"2026-09-02T02:39:27","modified_gmt":"2026-09-02T02:39:27","slug":"seminario-construccion-colectiva-de-una-guitarra-clasica-2","status":"publish","type":"page","link":"https:\/\/universidadmadres.ar\/?page_id=4672","title":{"rendered":"Seminario \u201cConstrucci\u00f3n colectiva de una guitarra cl\u00e1sica\u201d"},"content":{"rendered":"\n<p class=\"has-medium-font-size wp-block-paragraph\">\u25cf Coordina: Silvia Spina<br>\u25cf Modalidad de cursada: presencial.<br>\u25cf Fecha de inicio: martes 15 de septiembre Horario: 17 a 20 horas<\/p>\n\n\n\n<p class=\"has-medium-font-size wp-block-paragraph\"><strong>Para inscribirse\u00a0<a href=\"https:\/\/docs.google.com\/forms\/d\/e\/1FAIpQLSebb0xj9cIcdh6pbsSgf-QNROgRkcXFViXRCEwhfALq70aqbg\/viewform\">ingresar a este enlace<\/a><\/strong><\/p>\n\n\n\n<p class=\"has-medium-font-size wp-block-paragraph\">Fundamentaci\u00f3n<br>\u201cConstrucci\u00f3n colectiva de una guitarra cl\u00e1sica\u201d consiste en el desarrollo de un taller anual pr\u00e1ctico en el que se ense\u00f1ar\u00e1 a construir una guitarra cl\u00e1sica, al tiempo en que se ir\u00e1 transmitiendo la teor\u00eda en forma pausada y simult\u00e1nea.<br>El m\u00e9todo de ense\u00f1anza se apoya en el trabajo colectivo y participativo y requiere de paciencia y compromiso de parte de los estudiantes asistentes para hacer posible, dentro de ese tiempo, la finalizaci\u00f3n del trabajo.<br>Est\u00e1 destinado a j\u00f3venes que quieran acercarse a conocer y\/o aprender el oficio de la luther\u00eda; estudiantes de m\u00fasica, m\u00fasicas\/os, m\u00fasicoterapeutas y quienes valoren y quieran aprender a construir un instrumento en equipo.<br><\/p>\n\n\n\n<p class=\"has-medium-font-size wp-block-paragraph\">Justificaci\u00f3n<br>La creaci\u00f3n de este seminario se apoya en la observaci\u00f3n de la situaci\u00f3n sociocultural general, en la que resulta muy dif\u00edcil y hasta inaccesible para muchos\/as j\u00f3venes el aprendizaje del arte-oficio de la luther\u00eda.<br>Los\/as j\u00f3venes sufren muchos abandonos de parte de las pol\u00edticas de estado que no generan espacios para poder estudiar y hacer posibles sus sue\u00f1os de aprender.<br>Normalmente, existen pocos espacios de f\u00e1cil acceso para la ense\u00f1anza sistem\u00e1tica de la luther\u00eda; esto se agrava y profundiza en la actualidad porque las pol\u00edticas de Estado est\u00e1n cerrando escuelas de formaci\u00f3n profesional de artes y oficios.<br>Abrir un taller en el que se pueda implementar el aprender y el ense\u00f1ar como forma de resistencia a esa realidad propone una manera de acercar a los\/as j\u00f3venes la ense\u00f1anza de este hermoso arte-oficio y colaborar en la creaci\u00f3n de un espacio de aprendizaje y construcci\u00f3n colectivos como so\u00f1aron Hebe de Bonafini y las Madres cuando crearon esta amada Universidad Popular Madres de Plaza de Mayo.<br>El arte-oficio de la luther\u00eda crea y construye instrumentos: herramientas para quienes mantienen viva, crean e interpretan la m\u00fasica que nos re\u00fane en momentos de comuni\u00f3n alegre y nos sostiene en otros dif\u00edciles.<br>Dijo nuestra querida Hebe \u201cEl sue\u00f1o de nuestros hijos era transformar la realidad de un pa\u00eds hecho pedazos. Nuestro sue\u00f1o es transformar esto que nos toca vivir ahora\u201d<\/p>\n\n\n\n<p class=\"has-medium-font-size wp-block-paragraph\"><br>Objetivos generales<\/p>\n\n\n\n<p class=\"has-medium-font-size wp-block-paragraph\">\u25cf Brindar los conocimientos necesarios para la construcci\u00f3n de un instrumento musical de cuerdas pulsadas (guitarra cl\u00e1sica)<br>\u25cf Ense\u00f1ar a utilizar herramientas: cuidados y seguridad en su uso.<br>\u25cf Promover la construcci\u00f3n de herramientas para el taller.<br>\u25cf Diferenciar los conceptos de reutilizaci\u00f3n y de reciclado de materiales.<br>\u25cf Propiciar el trabajo colectivo y participativo.<\/p>\n\n\n\n<p class=\"has-medium-font-size wp-block-paragraph\"><br>Objetivos espec\u00edficos<br>\u25cf Hacer accesible el aprendizaje y la ense\u00f1anza del oficio de la luther\u00eda.<br>\u25cf Construir una guitarra cl\u00e1sica en forma colectiva.<br>\u25cf Aprender a:<br>Interpretar y dibujar planos.<br>Diferenciar calidades y cualidades de las maderas.<br>El uso correcto de las herramientas.<br>Construir herramientas espec\u00edficas para un taller de luther\u00eda.<br>Serruchar, lijar, cortar, calar, cepillar.<br>Domado de aros.<br>Manejo de prensas.<br>Encoladuras con colas calientes, extra vinilo de carpinter\u00eda, resina alif\u00e1tica, cianocrilato. Sellar, lustrar (goma laca)<br>Planificar tareas y estrategias entre todos los miembros del taller.<br>Resolver imprevistos y normas de cuidado, seguridad e higiene en el trabajo de taller.<br>\u25cf Propiciar el amor al oficio en forma colectiva y la posibilidad de planificar un pr\u00f3ximo taller anual en 2027 con el cual sentar las bases para un taller de luther\u00eda estable en Madres.<\/p>\n\n\n\n<p class=\"has-medium-font-size wp-block-paragraph\">Contenidos y cronograma<\/p>\n\n\n\n<p class=\"has-medium-font-size wp-block-paragraph\"><br>M\u00f3dulo 1<br>Introducci\u00f3n a la luther\u00eda.<br>Interpretaci\u00f3n de planos.<\/p>\n\n\n\n<p class=\"has-medium-font-size wp-block-paragraph\">M\u00f3dulo 2<br>Herramientas, uso y cuidados.<br>La importancia de medir; trabajar con precisi\u00f3n y correcci\u00f3n.<br><\/p>\n\n\n\n<p class=\"has-medium-font-size wp-block-paragraph\">M\u00f3dulo 3<br>Maderas &#8211; Encoladuras &#8211; Lustres.<br>Ensamblado.<br><\/p>\n\n\n\n<p class=\"has-medium-font-size wp-block-paragraph\">M\u00f3dulo 4<br>Planificaci\u00f3n de tareas en un taller.<br>Insumos: costos, almacenamiento.<br>Bibliograf\u00eda<\/p>\n\n\n\n<ul class=\"wp-block-list\">\n<li>M\u00e9todo de construcci\u00f3n\/ Instrumentos ac\u00fasticos. Ariel Amarillo. Edici\u00f3n del autor.<\/li>\n\n\n\n<li class=\"has-medium-font-size\">La guitarra m\u00e1gica\/ Manual argentino de la guitarra (2009) Ricardo E. L. Louzao (y<br>colaboradores). Edici\u00f3n del autor. Buenos Aires.<\/li>\n\n\n\n<li class=\"has-medium-font-size\">The Spanish Guitar. Autores varios. Edici\u00f3n de Metropolitan museun of Art, 1991, <\/li>\n\n\n\n<li><\/li>\n<\/ul>\n\n\n\n<ul class=\"wp-block-list\">\n<li class=\"has-medium-font-size\">Manual del luthier (2000). Ramon Pinto Comas. Edici\u00f3n del autor. Barcelona.<\/li>\n\n\n\n<li class=\"has-medium-font-size\">Lustrado de maderas (2006). Jacques Rival. Editorial Cosmopolita. Buenos Aires.<\/li>\n\n\n\n<li class=\"has-medium-font-size\"><a href=\"https:\/\/www.joseperezdearcea.cl\/instrumentos-sonoros\">https:\/\/www.joseperezdearcea.cl\/instrumentos-sonoros<\/a> \/<\/li>\n\n\n\n<li class=\"has-medium-font-size\"><a href=\"https:\/\/www.joseperezdearcea.cl\/_files\/ugd\/163345_3cf4cfe7bac748559040d4889c\">https:\/\/www.joseperezdearcea.cl\/_files\/ugd\/163345_3cf4cfe7bac748559040d4889c<\/a><br>6991a5.pdf (Cord\u00f3fono compuesto: guitarras)<br>Filmograf\u00eda<\/li>\n\n\n\n<li class=\"has-medium-font-size\">Ser luthier \/Manos Argentinas (2018). Documental, direcci\u00f3n de Victoria Ferrari y<br>Roc\u00edo Gauna.<\/li>\n<\/ul>\n\n\n\n<p class=\"has-medium-font-size wp-block-paragraph\">*Silvia Spina, docente<br>Es luthier de instrumentos de cuerdas pulsadas. Propiciadora de la creaci\u00f3n de Talleres de Luther\u00eda de ense\u00f1anza y producci\u00f3n cooperativa para j\u00f3venes en barrios.<br>Co-fundadora de El pentacordio, cooperativa de luthiers dedicada a la construcci\u00f3n y reparaci\u00f3n de instrumentos y de los Talleres M\u00f3viles de Luther\u00eda portadores del oficio a comunidades, centros educativos, municipios para acercar y\/o llevar los conocimientos del oficio de la luther\u00eda y colaborar con la inclusi\u00f3n social a trav\u00e9s de los instrumentos, su reparaci\u00f3n y la m\u00fasica.<br>Particip\u00f3 como docente de los talleres organizados por CUICA -Centro Universitario de las Industrias Culturales y la AALuthiers en la Universidad Nacional de Avellaneda- Sede Pi\u00f1eyro y en la Casa Central de la Cultura Popular de Villa 21-24 Barracas, por iniciativa del Ministerio de Cultura, Ministerio de Trabajo, Empleo y Seguridad Social y la AALuthiers. Creadora de \u201cLa Maciel\u201d taller de luther\u00eda para adolescentes en Fundaci\u00f3n Isla Maciel y madrina de \u201cDapasi\u00f3n\u201d taller de luther\u00eda de un grupo de j\u00f3venes en barrio Zabaleta, Ciudad de Buenos Aires.<br>Expone sus instrumentos y proyectos desde hace a\u00f1os en las Exposiciones anuales de la Asociaci\u00f3n Argentina de Luthiers, de la que es socia vitalicia.<br>Es integrante de la Red Luther\u00edstica: grupo de luthierxs de g\u00e9neros y especialidades diversxs. <br>Actualmente trabaja en el proyecto de una guitarra con materiales econ\u00f3micos (no de reciclado ni de re-utilizaci\u00f3n) con el fin de obtener un instrumento de buena calidad, sonoridad y accesible.<br>Es docente de artes pl\u00e1sticas: dibujo, pintura, t\u00e9cnicas mixtas de modo independiente.<br>Es escen\u00f3grafa y dise\u00f1adora de vestuario teatral con una carrera de m\u00e1s de cuarenta a\u00f1os en espect\u00e1culos de producci\u00f3n cooperativa. Ha participado como autora, directora, puestista, productora, realizadora en m\u00faltiples espect\u00e1culos. Es socia de la Asociaci\u00f3n Argentina de Actores y Actrices.<br>Contacto: <a href=\"mailto:paraelaplausofinal@yahoo.com.ar\">paraelaplausofinal@yahoo.com.ar<\/a><\/p>\n\n\n\n<p class=\"has-medium-font-size wp-block-paragraph\"><strong>Para inscribirse\u00a0<a href=\"https:\/\/docs.google.com\/forms\/d\/e\/1FAIpQLSebb0xj9cIcdh6pbsSgf-QNROgRkcXFViXRCEwhfALq70aqbg\/viewform\">ingresar a este enlace<\/a><\/strong><\/p>\n\n\n\n<figure class=\"wp-block-image size-large\"><img loading=\"lazy\" decoding=\"async\" width=\"819\" height=\"1024\" src=\"https:\/\/universidadmadres.ar\/wp-content\/uploads\/2026\/09\/lutheria-819x1024.jpeg\" alt=\"\" class=\"wp-image-4673\" srcset=\"https:\/\/universidadmadres.ar\/wp-content\/uploads\/2026\/09\/lutheria-819x1024.jpeg 819w, https:\/\/universidadmadres.ar\/wp-content\/uploads\/2026\/09\/lutheria-240x300.jpeg 240w, https:\/\/universidadmadres.ar\/wp-content\/uploads\/2026\/09\/lutheria-768x960.jpeg 768w, https:\/\/universidadmadres.ar\/wp-content\/uploads\/2026\/09\/lutheria.jpeg 1080w\" sizes=\"auto, (max-width: 819px) 100vw, 819px\" \/><\/figure>\n","protected":false},"excerpt":{"rendered":"<p>\u25cf Coordina: Silvia Spina\u25cf Modalidad de cursada: presencial.\u25cf Fecha de inicio: martes 15 de septiembre Horario: 17 a 20 horas Para inscribirse\u00a0ingresar a este enlace Fundamentaci\u00f3n\u201cConstrucci\u00f3n colectiva de una guitarra cl\u00e1sica\u201d consiste en el desarrollo de un taller anual pr\u00e1ctico en el que se ense\u00f1ar\u00e1&#8230;<\/p>\n","protected":false},"author":2,"featured_media":4673,"parent":0,"menu_order":0,"comment_status":"closed","ping_status":"closed","template":"","meta":{"footnotes":""},"class_list":["post-4672","page","type-page","status-publish","has-post-thumbnail","hentry"],"_links":{"self":[{"href":"https:\/\/universidadmadres.ar\/index.php?rest_route=\/wp\/v2\/pages\/4672","targetHints":{"allow":["GET"]}}],"collection":[{"href":"https:\/\/universidadmadres.ar\/index.php?rest_route=\/wp\/v2\/pages"}],"about":[{"href":"https:\/\/universidadmadres.ar\/index.php?rest_route=\/wp\/v2\/types\/page"}],"author":[{"embeddable":true,"href":"https:\/\/universidadmadres.ar\/index.php?rest_route=\/wp\/v2\/users\/2"}],"replies":[{"embeddable":true,"href":"https:\/\/universidadmadres.ar\/index.php?rest_route=%2Fwp%2Fv2%2Fcomments&post=4672"}],"version-history":[{"count":1,"href":"https:\/\/universidadmadres.ar\/index.php?rest_route=\/wp\/v2\/pages\/4672\/revisions"}],"predecessor-version":[{"id":4674,"href":"https:\/\/universidadmadres.ar\/index.php?rest_route=\/wp\/v2\/pages\/4672\/revisions\/4674"}],"wp:featuredmedia":[{"embeddable":true,"href":"https:\/\/universidadmadres.ar\/index.php?rest_route=\/wp\/v2\/media\/4673"}],"wp:attachment":[{"href":"https:\/\/universidadmadres.ar\/index.php?rest_route=%2Fwp%2Fv2%2Fmedia&parent=4672"}],"curies":[{"name":"wp","href":"https:\/\/api.w.org\/{rel}","templated":true}]}}