{"id":4661,"date":"2026-09-02T02:12:28","date_gmt":"2026-09-02T02:12:28","guid":{"rendered":"https:\/\/universidadmadres.ar\/?page_id=4661"},"modified":"2026-09-02T02:13:08","modified_gmt":"2026-09-02T02:13:08","slug":"artivismo-arte-accion-y-transformacion-social","status":"publish","type":"page","link":"https:\/\/universidadmadres.ar\/?page_id=4661","title":{"rendered":"ARTIVISMO: ARTE, ACCI\u00d3N Y TRANSFORMACI\u00d3N SOCIAL"},"content":{"rendered":"\n<p class=\"has-medium-font-size wp-block-paragraph\">Directora: Patricia Fern\u00e1ndez<br>Coordinadora acad\u00e9mica: Catalina Julia Artesi<br>Cuerpo docente: Herminia Dalla Massara<br>Docentes invitados<br>Inicio: Viernes 11 de septiembre 18 hs.<\/p>\n\n\n\n<p class=\"has-medium-font-size wp-block-paragraph\"><strong>Para inscribirse\u00a0<a href=\"https:\/\/docs.google.com\/forms\/d\/e\/1FAIpQLSebb0xj9cIcdh6pbsSgf-QNROgRkcXFViXRCEwhfALq70aqbg\/viewform\">ingresar a este enlace<\/a><\/strong><\/p>\n\n\n\n<p class=\"has-medium-font-size wp-block-paragraph\">\u25cf Duraci\u00f3n: 10 clases semanales<br>\u25cf Duraci\u00f3n de cada clase: 2.30 horas<br>\u25cf Modalidad: Presencial. te\u00f3rico-pr\u00e1ctica \/ laboratorio de creaci\u00f3n colectiva.<br>La cursada se realiza en la \u201cCasa de las Madres\u201d Hip\u00f3lito Yrigoyen 1584.<br>\u25cf Trabajo final: creaci\u00f3n y puesta en escena de una acci\u00f3n artivista colectiva.<\/p>\n\n\n\n<p class=\"has-medium-font-size wp-block-paragraph\">Fundamentaci\u00f3n<\/p>\n\n\n\n<p class=\"has-medium-font-size wp-block-paragraph\">El curso propone abordar el artivismo como un territorio de encuentro entre arte, acci\u00f3n pol\u00edtica, intervenci\u00f3n social y construcci\u00f3n colectiva. La propuesta recorrer\u00e1 diferentes lenguajes (performance, teatro, gr\u00e1fica, cuerpo, memoria, objetos e intervenci\u00f3n urbana) para pensar el arte no s\u00f3lo como representaci\u00f3n sino como una pr\u00e1ctica capaz de intervenir sobre la realidad. El curso culminar\u00e1 con una acci\u00f3n artivista colectiva desarrollada progresivamente durante las \u00faltimas clases.<\/p>\n\n\n\n<p class=\"has-medium-font-size wp-block-paragraph\">Objetivos<\/p>\n\n\n\n<p class=\"has-medium-font-size wp-block-paragraph\">\u25cf Comprender las relaciones entre arte, activismo y pol\u00edtica.<br>\u25cf Conocer experiencias de activismo art\u00edstico, especialmente latinoamericanas.<br>\u25cf Explorar el cuerpo, la imagen, el espacio p\u00fablico, la memoria y los objetos como<br>herramientas de intervenci\u00f3n.<br>\u25cf Desarrollar colectivamente una intervenci\u00f3n artivista.<\/p>\n\n\n\n<p class=\"has-medium-font-size wp-block-paragraph\">Metodolog\u00eda<\/p>\n\n\n\n<p class=\"has-medium-font-size wp-block-paragraph\">Cada clase combinar\u00e1 una breve introducci\u00f3n conceptual, an\u00e1lisis del tema y materiales audiovisuales, una actividad pr\u00e1ctica y una puesta en com\u00fan. El recorrido ir\u00e1 del an\u00e1lisis y la experimentaci\u00f3n hacia la construcci\u00f3n, ensayo y presentaci\u00f3n de una acci\u00f3n colectiva.<\/p>\n\n\n\n<p class=\"has-medium-font-size wp-block-paragraph\">Programa de Clases<\/p>\n\n\n\n<p class=\"has-medium-font-size wp-block-paragraph\"><strong>1: \u00bfQU\u00c9 ES EL ARTIVISMO?<\/strong><\/p>\n\n\n\n<p class=\"has-medium-font-size wp-block-paragraph\">Se introducir\u00e1n los conceptos de arte, activismo, arte pol\u00edtico, arte de denuncia, activismo art\u00edstico y artivismo. Se trabajar\u00e1 la diferencia entre representar una problem\u00e1tica e intervenir sobre ella, incorporando los conceptos de teatralidad, espacio p\u00fablico y liminalidad desarrollados por Catalina Julia Artesi.<br>Materiales de consulta: Tucum\u00e1n Arde, GAC, Mujeres Creando, LasTesis, Guerrilla Girls, Arte en Lucha Teatro Popular, \u00bfJusticia o Poder Judicial? y Son 30000.<br>Actividad<br>\u201c\u00bfEsto es artivismo?\u201d. A partir de im\u00e1genes y situaciones diversas se experimentar\u00e1 colectivamente las diferencias de una pr\u00e1ctica art\u00edstica, activista o artivista.<br>Bibliograf\u00eda<br>\u25cf Artesi, Catalina Julia. \u201cArtivismo y resistencia: lo pol\u00edtico en una experiencia teatral en la Ciudad de Buenos Aires\u201d.<br>\u25cf Artesi, Catalina Julia \u201cTeatro y pr\u00e1cticas pol\u00edticas. Activismo, artivismo y &#8216;semaforazo&#8217;: liminalidad en la esfera p\u00fablica\u201d.<br>\u25cf Artesi, Catalina Julia (2024) \u201cArtivismo y arte en las calles, teatro popular como formas de resistencia a gobiernos autoritarios\u201d<br>\u25cf Guti\u00e9rrez-Rub\u00ed, Antoni. Artivismol poder de los lenguajes art\u00edsticos para la comunicaci\u00f3n pol\u00edtica y el activismo.Audiovisual<br>\u25cf Verzero, Lorena , Entre par\u00e9ntesis: conferencia de la Dra Lorena Verzero, Centro Cultural de Espa\u00f1a . Disponible en <a href=\"https:\/\/www.youtube.com\/watch?v=hJJ-eVeaPaA\">https:\/\/www.youtube.com\/watch?v=hJJ-eVeaPaA<\/a><br>\u25cf Charlas sobre Artivismo &#8211; Universidad de Madres (material original)<\/p>\n\n\n\n<p class=\"has-medium-font-size wp-block-paragraph\"><strong>CLASE 2: IMAGEN, PROPAGANDA Y CONTRAPROPAGANDA<\/strong><\/p>\n\n\n\n<p class=\"has-medium-font-size wp-block-paragraph\">Se abordar\u00e1 la imagen como herramienta de intervenci\u00f3n pol\u00edtica: propaganda, contrapropaganda, gr\u00e1fica, stensil, cartel, humor e iron\u00eda. Se analizar\u00e1n especialmente Guerrilla Girls y GAC, observando c\u00f3mo construyen y disputan sentidos mediante im\u00e1genes y c\u00f3digos urbanos.<br>Actividad<br>\u201cUn mensaje en una imagen\u201d. Cada grupo realizar\u00e1 un cartel artivista a partir de una imagen, una frase breve, un s\u00edmbolo y una estrategia de apropiaci\u00f3n.<br>Bibliograf\u00eda<br>\u25cf GAC. Pensamientos, pr\u00e1cticas y acciones.<br>\u25cf Felshin, Nina. \u201c\u00bfPero esto es arte? El esp\u00edritu del arte como activismo\u201d.<br>\u25cf Materiales del archivo de Guerrilla Girls.<br>Audiovisual<br>\u25cf Guerrilla Girls &#8211; \u201cDo women have to be naked to get into the Met. Museum?\u201d<br>\u25cf Archivo GAC<\/p>\n\n\n\n<p class=\"has-medium-font-size wp-block-paragraph\"><strong>CLASE 3: ARTE Y CALLE: EL ESPACIO P\u00daBLICO COMO TERRITORIO DE ACCI\u00d3N<\/strong><\/p>\n\n\n\n<p class=\"has-medium-font-size wp-block-paragraph\">Se trabajar\u00e1 la ciudad y el barrio como territorio de intervenci\u00f3n y conflicto: calle, territorio, performance urbana, teatro de calle, graffiti, stencil y participaci\u00f3n del p\u00fablico. Se analizar\u00e1n Tucum\u00e1n Arde, GAC, Mujeres Creando, Frente 3 de Fevereiro, Fin de un Mundo y Arte en Lucha Teatro Popular.<br>Actividad<br>\u201cIntervenir lo cotidiano\u201d. Cada grupo seleccionar\u00e1 un espacio cercano y dise\u00f1ar\u00e1 una intervenci\u00f3n temporal considerando espacio, acci\u00f3n, p\u00fablico e imagen.<br>Bibliograf\u00eda<br>\u25cf Longoni, Ana y Mestman, Mariano. Del Di Tella a Tucum\u00e1n Arde.<br>\u25cf Carreira, Andr\u00e9. Teatro de invasi\u00f3n. La ciudad como dramaturgia.<br>\u25cf GAC. Pensamientos, pr\u00e1cticas y acciones.<br>\u25cf Artesi, Catalina Julia. Textos sobre teatralidad, artivismo y espacio p\u00fablico.<br>Audiovisual<br>\u25cf Archivo y documentaci\u00f3n de Tucum\u00e1n Arde &#8211; MACBA<br>\u25cf Colecci\u00f3n Tucum\u00e1n Arde &#8211; Archivo Nacional de la Memoria<br>\u25cf Archivo GAC<\/p>\n\n\n\n<p class=\"has-medium-font-size wp-block-paragraph\"><strong>CLASE 4: MEMORIA, ARCHIVO Y TESTIMONIO<\/strong><\/p>\n\n\n\n<p class=\"has-medium-font-size wp-block-paragraph\">Se abordar\u00e1 la Memoria como territorio de disputa y el arte como herramienta para hacer visible aquello que una sociedad necesita recordar. Se trabajar\u00e1n archivo, testimonio, fotograf\u00eda, ausencia\/presencia, monumento y contramonumento a partir de El Siluetazo, Madres de Plaza de Mayo, Hijxs, Erika Diettes y experiencias vinculadas a Ayotzinapa.<br>Actividad<br>\u201cArchivo afectivo\u201d. Exploraci\u00f3n de una fotograf\u00eda, objeto, noticia, frase transformando en un dispositivo de memoria que genera la intervenci\u00f3n.<br>Bibliograf\u00eda<br>\u25cf Longoni, Ana y Bruzzone, Gustavo. El Siluetazo.<br>\u25cf Longoni, Ana y Mestman, Mariano. Del Di Tella a Tucum\u00e1n Arde.<br>\u25cf GAC. Pensamientos, pr\u00e1cticas y acciones.<br>\u25cf Textos sobre memoria y pr\u00e1cticas art\u00edsticas latinoamericanas.<br>Audiovisual<br>\u25cf Hijxs: po\u00e9ticas de la memoria &#8211; Biblioteca Nacional<br>\u25cf Archivo GAC<\/p>\n\n\n\n<p class=\"has-medium-font-size wp-block-paragraph\"><strong>CLASE 5: CUERPO, ACCI\u00d3N Y JUSTICIA<\/strong><\/p>\n\n\n\n<p class=\"has-medium-font-size wp-block-paragraph\">Se trabajar\u00e1 el cuerpo como territorio pol\u00edtico y la escena como espacio de denuncia y demanda de justicia. Se abordar\u00e1n performance, acci\u00f3n colectiva, teatro popular, gesto, repetici\u00f3n y ritualidad. Incorporando especialmente al grupo \u00bfJusticia o Poder Judicial? y sus acciones junto a Arte en Lucha Teatro Popular. La pregunta \u00bfJusticia o Poder Judicial? como disparador.<br>Actividad<br>\u201cEl cuerpo demanda\u201d. Los grupos transformar\u00e1n una situaci\u00f3n de injusticia en una imagen corporal, un gesto, una frase y una acci\u00f3n colectiva.<br>Bibliograf\u00eda<\/p>\n\n\n\n<p class=\"has-medium-font-size wp-block-paragraph\">\u25cf Artesi, Catalina Julia. \u201cArtivismo y resistencia: lo pol\u00edtico en una experiencia teatral<br>en la Ciudad de Buenos Aires\u201d.<br>\u25cf Artesi, Catalina Julia. \u201cArtivismo y arte en las calles, teatro popular como formas de<br>resistencia a gobiernos autoritarios\u201d.<br>\u25cf Carreira, Andr\u00e9. Teatro de invasi\u00f3n. La ciudad como dramaturgia.<br>\u25cf Materiales y documentos de \u00bfJusticia o Poder Judicial?<br>Audiovisual<br>\u25cf Charlas sobre Artivismo &#8211; intervenci\u00f3n de Arte en Lucha y \u00bfJusticia o Poder Judicial?<br>\u25cf Entrevista a Patricia Fern\u00e1ndez &#8211; Radio Nacional<\/p>\n\n\n\n<p class=\"has-medium-font-size wp-block-paragraph\"><strong>CLASE 6: OBJETOS ARTIVISTAS I: EL OBJETO COMO DISPOSITIVO<\/strong><\/p>\n\n\n\n<p class=\"has-medium-font-size wp-block-paragraph\">Primera clase dedicada a la construcci\u00f3n de objetos. Se explorar\u00e1 el objeto cotidiano, pol\u00edtico, simb\u00f3lico, encontrado y perform\u00e1tico. El eje ser\u00e1 comprender el objeto no s\u00f3lo como representaci\u00f3n sino como dispositivo capaz de producir una acci\u00f3n. Se trabajar\u00e1 con materiales accesibles y reutilizados.<br>Actividad<br>\u201cObjeto dram\u00e1tico\u201d. Cada participante transformar\u00e1 un objeto cotidiano para que represente una problem\u00e1tica, genere una pregunta y pueda utilizarse en una acci\u00f3n.<br>Bibliograf\u00eda<br>\u25cf Alvarado, Ana y Gianella, Mariana. Teatro de objetos. Manual dramat\u00fargico.<br>\u25cf Ahmed, Sara. Fenomenolog\u00eda queer. Orientaci\u00f3n, objetos, otros.<br>\u25cf Artesi, Catalina Julia. Textos sobre teatralidad y pr\u00e1cticas pol\u00edticas.<br>\u25cf Materiales de teatro de objetos y performance.<br>Audiovisual<br>\u25cf Manual y materiales de Teatro de Objetos &#8211; Instituto Nacional del Teatro<\/p>\n\n\n\n<p class=\"has-medium-font-size wp-block-paragraph\"><strong>CLASE 7: OBJETOS ARTIVISTAS II: CONSTRUCCI\u00d3N COLECTIVA<\/strong><\/p>\n\n\n\n<p class=\"has-medium-font-size wp-block-paragraph\">Segunda clase de construcci\u00f3n. Se profundizar\u00e1 el pasaje del objeto individual al dispositivo colectivo, incorporaci\u00f3n de t\u00edteres, m\u00e1scaras, vestuarios, estructuras, banderas, pancartas, objetos de gran escala y dispositivos sonoros. Se analizar\u00e1 c\u00f3mo la construcci\u00f3n puede generar una situaci\u00f3n participativa.<br>Actividad<br>En grupos se construir\u00e1 un t\u00edtere, objeto o dispositivo que permita realizar una acci\u00f3n.<br>Bibliograf\u00eda<br>\u25cf Alvarado, Ana y Gianella, Mariana. Teatro de objetos. Manual dramat\u00fargico.<br>\u25cf GAC. Pensamientos, pr\u00e1cticas y acciones.<br>\u25cf Materiales sobre teatro de objetos, t\u00edteres y dispositivos perform\u00e1ticos.<br>\u25cf Documentaci\u00f3n de acciones artivistas latinoamericanas.<br>Audiovisual<br>\u25cf Mujeres Creando &#8211; Acci\u00f3n 8 FALTA EL HIPERV\u00cdNCULO<br>\u25cf Mujeres Creando &#8211; Acci\u00f3n 5<\/p>\n\n\n\n<p class=\"wp-block-paragraph\"><strong>CLASE 8: DE LA IDEA A LA ACCI\u00d3N<\/strong><\/p>\n\n\n\n<p class=\"has-medium-font-size wp-block-paragraph\">Se inicia la construcci\u00f3n de la acci\u00f3n artivista final. Cada grupo seleccionar\u00e1 una problem\u00e1tica y trabajar\u00e1 objetivo, destinatarios, espacio, tiempo, participaci\u00f3n, cuerpo, objetos, sonido, imagen y roles.<br>Actividad<br>Cada grupo elaborar\u00e1 un ensayo de intervenci\u00f3n de cinco minutos y recibir\u00e1 la devoluci\u00f3n del resto del grupo a partir de lo que vio, sinti\u00f3, asoci\u00f3 y record\u00f3.<br>Bibliograf\u00eda<br>\u25cf Artesi, Catalina Julia. Textos sobre artivismo, teatro y espacio p\u00fablico.<br>\u25cf Carreira, Andr\u00e9. Teatro de invasi\u00f3n. La ciudad como dramaturgia.<br>\u25cf GAC. Pensamientos, pr\u00e1cticas y acciones.<br>\u25cf L\u00f3pez Cuenca, Alberto y Berm\u00fadez Dini, Renato David. \u201c\u00bfPero esto qu\u00e9 es? Del arte activista al activismo art\u00edstico en Am\u00e9rica Latina, 1968-2018\u201d.<br>\u25cf Audiovisual<br>\u25cf Fin de un Mundo<br>\u25cf Materiales de las Charlas sobre Artivismo HIPERV\u00cdNCULO<\/p>\n\n\n\n<p class=\"has-medium-font-size wp-block-paragraph\"><strong>CLASE 9: PUESTA EN ESCENA I: ENSAYAR LA ACCI\u00d3N<\/strong><\/p>\n\n\n\n<p class=\"has-medium-font-size wp-block-paragraph\">Se utilizar\u00e1n todos los contenidos vistos en las 8 clases anteriores: espacio, cuerpo, voz, ritmo, objetos, t\u00edteres, sonido, duraci\u00f3n y relaci\u00f3n con el p\u00fablico. Cada grupo realizar\u00e1 un ensayo completo.<br>Actividad<br>Se presenta la intervenci\u00f3n sin explicaci\u00f3n previa. El p\u00fablico (en este caso los otros grupos) responde \u201clo que vi\u201d, \u201clo que sent\u00ed\u201d y \u201clo que me qued\u00f3\u201d. Luego se trabajar\u00e1n los ajustes necesarios.<\/p>\n\n\n\n<p class=\"has-medium-font-size wp-block-paragraph\">Bibliograf\u00eda<br>\u25cf Carreira, Andr\u00e9. Teatro de invasi\u00f3n. La ciudad como dramaturgia.<br>\u25cf Artesi, Catalina Julia. Textos sobre pr\u00e1cticas teatrales y artivismo.<br>\u25cf GAC. Pensamientos, pr\u00e1cticas y acciones.<br>Audiovisual<br>\u25cf Archivo GAC &#8211; Registro de acciones e intervenciones<\/p>\n\n\n\n<p class=\"has-medium-font-size wp-block-paragraph\"><strong>CLASE 10: PUESTA EN ESCENA II: ACCI\u00d3N ARTIVISTA FINAL<\/strong><\/p>\n\n\n\n<p class=\"has-medium-font-size wp-block-paragraph\">La \u00faltima clase estar\u00e1 dedicada a la presentaci\u00f3n de las intervenciones artivistas colectivas generadas en la clase anterior (clase 9). Se realizar\u00e1 la preparaci\u00f3n t\u00e9cnica, la intervenci\u00f3n y una reflexi\u00f3n final sobre el proceso, el v\u00ednculo entre arte y pol\u00edtica y el lugar del p\u00fablico.<br>Actividad<br>Presentaci\u00f3n de las intervenciones y cierre colectivo a partir de las preguntas: \u201cDespu\u00e9s de este curso, para m\u00ed artivismo es&#8230;\u201d y \u201cUna cosa que el arte puede hacer pol\u00edticamente es&#8230;\u201d.<br>Bibliograf\u00eda<br>\u25cf Artesi, Catalina Julia. Artivismo, teatro y espacio p\u00fablico.<br>\u25cf GAC. Pensamientos, pr\u00e1cticas y acciones.<br>\u25cf Longoni, Ana y Mestman, Mariano. Del Di Tella a Tucum\u00e1n Arde.<br>\u25cf Carreira, Andr\u00e9. Teatro de invasi\u00f3n. La ciudad como dramaturgia.<br>Audiovisual<br>\u25cf LasTesis &#8211; \u201cUn violador en tu camino\u201d, Buenos Aires 2019<\/p>\n\n\n\n<p class=\"has-medium-font-size wp-block-paragraph\">BIBLIOGRAFIA DE CONSULTA: SUGERENCIAS : que la Bilioteca de Madres lo compre o<br>consiga como donaci\u00f3n para consulta.<\/p>\n\n\n\n<p class=\"has-medium-font-size wp-block-paragraph\">Citro, Silvia; Podhajcer, Adil; Roa, Ma. L; Rodr\u00edguez, Manuela (2025). Performance-investigaci\u00f3n colaborativa. Buenos Aires, Editorial Biblos. Vol I: Confluencias<\/p>\n\n\n\n<p class=\"has-medium-font-size wp-block-paragraph\">transdisciplinares entre las Ciencias Sociales y las Artes.<br>Citro, Silvia; Podhajcer, Adil; Roa, Ma. L; Rodr\u00edguez, Manuela (2025). Performance -investigaci\u00f3n colaborativa. Buenos Aires, Editorial Biblos. Vol II. Experiencias interseccionales entre la Etnograf\u00eda y El Arte<br>Les copi\u00e9 biblio que us\u00e9 hace poco en un trabajo mio sobre la intervenci\u00f3n del Eternauta que hice. Cuando la corrija se las paso. Mientras tanto les paso material . Recomiendo algunos que subrayo<br>Capasso, Cecilia Ver\u00f3nica, (2018). \u201cLo pol\u00edtico en el arte. Un aporte desde la teor\u00eda de Jacques Ranci\u00e8re\u201d. Estudios de Filosof\u00eda. Instituto de Filosof\u00eda, Universidad de Antioquia, n\u00fam. 58; pp. 215-235. Disponible en <a href=\"https:\/\/www.redalyc.org\/journal\/3798\/379857582010\/html\/pdf\">https:\/\/www.redalyc.org\/journal\/3798\/379857582010\/html\/pdf<\/a> (Consulta,14-8-2026)<\/p>\n\n\n\n<p class=\"has-medium-font-size wp-block-paragraph\">Del Campo, Alicia, \u201cLas \u0301teatralidades sociales \u0301 como hermen\u00e9utica cultural: Antropolog\u00eda simb\u00f3lica, derechos humanos y estudios teatrales\u201d. Lola Proa\u00f1o G\u00f3mez- Lorena Verzero (Compiladoras). (2017) Perspectivas pol\u00edticas de la escena latinoamericanas. Di\u00e1logos en tiempo presente. Buenos Aires- Los \u00c1ngeles: Argus-a; pp.49-71.<br>Guti\u00e9rrez Rub\u00ed, Antoni (2021). ARTivismo. El poder de los lenguajes art\u00edsticos para la comunicaci\u00f3n pol\u00edtica y el activismo. Espa\u00f1a, Editorial UOC.<br>Longoni, Ana (2009) \u201cActivismo art\u00edstico en la Argentina: La desaparici\u00f3n de Julio L\u00f3pez\u201d. Disponible en https:\/\/ artivismo.info. Versi\u00f3n resumida del texto publicado en Revista de<br>Artes visuales ERRATA, N\u00fam.0, Bogot\u00e1 (Consulta,29-1-2026).<br>Verzero, Lorena (2024). \u201c \u0301Teatro militante \u0301: revisi\u00f3n cr\u00edtica de un concepto situado\u201d.<br>Cuadernos del Sur-Historia 53 (2024):14-30, E- ISSN 2362-2997.<br>Proa\u00f1o G\u00f3mez, Lola y Verzero, Lorena (2017) (Compiladoras) Perspectivas pol\u00edticas de la<br>escena latinoamericana. Di\u00e1logos en tiempo presente. Buenos Aires-Los \u00c1ngeles Argus-a.<br>Disponible:<br><a href=\"https:\/\/argus-a.org\/libro-impreso\/702-perspectivas-politicas-de-la-escena-latinoamericana-di\">https:\/\/argus-a.org\/libro-impreso\/702-perspectivas-politicas-de-la-escena-latinoamericana-di<\/a><br>alogos-en-tiempo-presente.html (Consulta,01-08- 2026)<br>Ranci\u00e8re, Jean Jacques (2005). Sobre pol\u00edticas est\u00e9ticas, Barcelona: Museu d\u2019Art<br>Contemporani de Barcelona.<br>Ranci\u00e8re, Jean Jacques (2008). El espectador emancipado. Buenos Aires: Manantial.<br>Disponible en <a href=\"https:\/\/dn720005.ca.archive.org\/0\/items\/ranciere-jacques.-el-espectador-emancipado-ocr-\">https:\/\/dn720005.ca.archive.org\/0\/items\/ranciere-jacques.-el-espectador-emancipado-ocr-<\/a><br>2008\/Ranci\u00e8re%2C Jacques. &#8211; El espectador emancipado [ocr] [2008].pdf<\/p>\n\n\n\n<p class=\"has-medium-font-size wp-block-paragraph\">Ranci\u00e8re, Jean Jacques (2011). Pol\u00edtica de la literatura. Buenos Aires: Libros del Zorzal.<br>Materiales consultados en Internet<br>Lo que pasa en Exactas, (2025a) \u201cMasiva movilizaci\u00f3n en defensa del sistema cient\u00edfico<br>argentino,29 de mayo2025<br><a href=\"https:\/\/exactas.uba.ar\/comunicado-en-defensa-de-la-ciencia-nacional(Consulta,29-7-2026)\">https:\/\/exactas.uba.ar\/comunicado-en-defensa-de-la-ciencia-nacional(Consulta,29-7-2026)<\/a>.<br>Lo que pasa en Exactas, (2025b) \u201cComunicado en defensa de la ciencia nacional\u201d, 29 de<br>mayo 2025. Disponible en:<br><a href=\"https:\/\/exactas.uba.ar\/comunicado-en-defensa-de-la-ciencia-nacional\/\">https:\/\/exactas.uba.ar\/comunicado-en-defensa-de-la-ciencia-nacional\/<\/a> (Consulta, 29-7-<br>2026)<br>Guareschi, Franco, \u201cEl \u00e1rbol navide\u00f1o que arm\u00f3 el CONICET para denunciar el<br>financiamiento a la ciencia. Noticias, Perfil (Buenos Aires, 23-12-2025). Disponible en<br><a href=\"https:\/\/noticias.perfil.com\/noticias\/politica\/el-arbol-navideno-que-armo-el-conicet-para-denun\">https:\/\/noticias.perfil.com\/noticias\/politica\/el-arbol-navideno-que-armo-el-conicet-para-denun<\/a><br>ciar-el-desfinanciamiento-a-la-ciencia.phtml. (Consulta,29-7-2026)<\/p>\n\n\n\n<p class=\"has-medium-font-size wp-block-paragraph\">\u201cLa Corte fall\u00f3 en contra del Gobierno y dej\u00f3 firme la cautelar que obliga al Estado a aplicar<br>la ley\u201d El Cronista, (Buenos Aires,25-6-2026). Disponible en <a href=\"https:\/\/www.cronista.com\">https:\/\/www.cronista.com<\/a> \u203a<br>Econom\u00eda y Pol\u00edtica (Consulta,28-7-2026)<br>\u201cCiencia ficci\u00f3n argentina: El Eternauta, ya tiene fecha de lanzamiento en Netflix\u201d. (La<br>Gaceta, (Provincia de Tucum\u00e1n,31-01-2025). Disponible en <a href=\"https:\/\/www.lagaceta.com.ar\/nota\/1069271\/espectaculos\/ciencia-ficcion-argentina-eternauta-ya-tiene-fecha-lanzamiento-netflix.html (Consulta,01-08-2026)\">https:\/\/www.lagaceta.com.ar\/nota\/1069271\/espectaculos\/ciencia-ficcion-argentina-eternauta-ya-tiene-fecha-lanzamiento-netflix.html (Consulta,01-08-2026)<\/a><\/p>\n\n\n\n<p class=\"has-medium-font-size wp-block-paragraph\"><strong>Para inscribirse&nbsp;<a href=\"https:\/\/docs.google.com\/forms\/d\/e\/1FAIpQLSebb0xj9cIcdh6pbsSgf-QNROgRkcXFViXRCEwhfALq70aqbg\/viewform\">ingresar a este enlace<\/a><\/strong><\/p>\n\n\n\n<figure class=\"wp-block-image size-large\"><img loading=\"lazy\" decoding=\"async\" width=\"724\" height=\"1024\" src=\"https:\/\/universidadmadres.ar\/wp-content\/uploads\/2026\/09\/artivismo-724x1024.jpeg\" alt=\"\" class=\"wp-image-4662\" srcset=\"https:\/\/universidadmadres.ar\/wp-content\/uploads\/2026\/09\/artivismo-724x1024.jpeg 724w, https:\/\/universidadmadres.ar\/wp-content\/uploads\/2026\/09\/artivismo-212x300.jpeg 212w, https:\/\/universidadmadres.ar\/wp-content\/uploads\/2026\/09\/artivismo-768x1086.jpeg 768w, https:\/\/universidadmadres.ar\/wp-content\/uploads\/2026\/09\/artivismo-1086x1536.jpeg 1086w, https:\/\/universidadmadres.ar\/wp-content\/uploads\/2026\/09\/artivismo.jpeg 1131w\" sizes=\"auto, (max-width: 724px) 100vw, 724px\" \/><\/figure>\n","protected":false},"excerpt":{"rendered":"<p>Directora: Patricia Fern\u00e1ndezCoordinadora acad\u00e9mica: Catalina Julia ArtesiCuerpo docente: Herminia Dalla MassaraDocentes invitadosInicio: Viernes 11 de septiembre 18 hs. Para inscribirse\u00a0ingresar a este enlace \u25cf Duraci\u00f3n: 10 clases semanales\u25cf Duraci\u00f3n de cada clase: 2.30 horas\u25cf Modalidad: Presencial. te\u00f3rico-pr\u00e1ctica \/ laboratorio de creaci\u00f3n colectiva.La cursada se realiza&#8230;<\/p>\n","protected":false},"author":2,"featured_media":4662,"parent":0,"menu_order":0,"comment_status":"closed","ping_status":"closed","template":"","meta":{"footnotes":""},"class_list":["post-4661","page","type-page","status-publish","has-post-thumbnail","hentry"],"_links":{"self":[{"href":"https:\/\/universidadmadres.ar\/index.php?rest_route=\/wp\/v2\/pages\/4661","targetHints":{"allow":["GET"]}}],"collection":[{"href":"https:\/\/universidadmadres.ar\/index.php?rest_route=\/wp\/v2\/pages"}],"about":[{"href":"https:\/\/universidadmadres.ar\/index.php?rest_route=\/wp\/v2\/types\/page"}],"author":[{"embeddable":true,"href":"https:\/\/universidadmadres.ar\/index.php?rest_route=\/wp\/v2\/users\/2"}],"replies":[{"embeddable":true,"href":"https:\/\/universidadmadres.ar\/index.php?rest_route=%2Fwp%2Fv2%2Fcomments&post=4661"}],"version-history":[{"count":2,"href":"https:\/\/universidadmadres.ar\/index.php?rest_route=\/wp\/v2\/pages\/4661\/revisions"}],"predecessor-version":[{"id":4664,"href":"https:\/\/universidadmadres.ar\/index.php?rest_route=\/wp\/v2\/pages\/4661\/revisions\/4664"}],"wp:featuredmedia":[{"embeddable":true,"href":"https:\/\/universidadmadres.ar\/index.php?rest_route=\/wp\/v2\/media\/4662"}],"wp:attachment":[{"href":"https:\/\/universidadmadres.ar\/index.php?rest_route=%2Fwp%2Fv2%2Fmedia&parent=4661"}],"curies":[{"name":"wp","href":"https:\/\/api.w.org\/{rel}","templated":true}]}}