{"id":4651,"date":"2026-09-02T01:53:44","date_gmt":"2026-09-02T01:53:44","guid":{"rendered":"https:\/\/universidadmadres.ar\/?page_id=4651"},"modified":"2026-09-02T02:14:04","modified_gmt":"2026-09-02T02:14:04","slug":"herramientas-parlamentarias-para-cambiar-nuestras-realidades","status":"publish","type":"page","link":"https:\/\/universidadmadres.ar\/?page_id=4651","title":{"rendered":"Herramientas parlamentarias para cambiar nuestras realidades"},"content":{"rendered":"\n<p class=\"has-medium-font-size wp-block-paragraph\">Inicio: Mi\u00e9rcoles 16 de septiembre de 18:00 a 20:30 hs.<br>Cierre de la inscripci\u00f3n:<br>Cronograma: 4 encuentros<br>Coordina: Alexa Abigail L\u00f3pez Bermejo<\/p>\n\n\n\n<p class=\"has-medium-font-size wp-block-paragraph\"><strong>Para inscribirse\u00a0<a href=\"https:\/\/docs.google.com\/forms\/d\/e\/1FAIpQLSebb0xj9cIcdh6pbsSgf-QNROgRkcXFViXRCEwhfALq70aqbg\/viewform\">ingresar a este enlace<\/a><\/strong><\/p>\n\n\n\n<p class=\"has-medium-font-size wp-block-paragraph\">INTRODUCCI\u00d3N:<br>Este curso propone un recorrido por el funcionamiento del Congreso de la Naci\u00f3n, a partir de una mirada pr\u00e1ctica sobre el trabajo legislativo. Se abordar\u00e1n las herramientas parlamentarias, los mecanismos de representaci\u00f3n y los desaf\u00edos actuales de la democracia. La propuesta recupera parte de los hallazgos desarrollados en la investigaci\u00f3n De los barrios al recinto: un recorrido legislativo sobre la participaci\u00f3n pol\u00edtica de las mujeres en la Argentina desde el voto femenino hasta la Paridad Parlamentaria, realizada por la docente en el marco de la Diplomatura en Gesti\u00f3n Legislativa del Instituto de Capacitaci\u00f3n Parlamentaria (ICaP).<br><\/p>\n\n\n\n<p class=\"has-medium-font-size wp-block-paragraph\">El curso busca acercar a las y los participantes al funcionamiento cotidiano de las instituciones legislativas, al abordar el funcionamiento del Congreso de la Naci\u00f3n y las principales herramientas parlamentarias que intervienen en el proceso legislativo.<br>Comprender c\u00f3mo funciona el Congreso es tambi\u00e9n comprender que las transformaciones sociales son posibles. Porque las demandas que nacen en nuestros barrios merecen ser escuchadas, representadas y llevadas al recinto.<br><\/p>\n\n\n\n<p class=\"has-medium-font-size wp-block-paragraph\">Herramientas parlamentarias: del proyecto al recinto.<br><\/p>\n\n\n\n<p class=\"has-medium-font-size wp-block-paragraph\">Clase 1: \u00bfQu\u00e9 es el Congreso y c\u00f3mo funciona?<br>Temas:<br>El Poder Legislativo.<br>C\u00e1mara de Diputados y Senado.<br>Funciones y atribuciones.<br>Autoridades, bloques y organizaci\u00f3n parlamentaria.<br>Diferencia entre ley y decreto.<br>Bibliograf\u00eda sugerida: Constituci\u00f3n de la Naci\u00f3n Argentina, Reglamento de la Honorable<br>C\u00e1mara de la Naci\u00f3n.<br><\/p>\n\n\n\n<p class=\"has-medium-font-size wp-block-paragraph\">Clase 2: El inicio del proceso legislativo.<br>Temas:<br>Tipos de proyectos.<br>Presentaci\u00f3n de iniciativas.<br>Estado parlamentario. Giro a comisiones.<br>Bibliograf\u00eda sugerida: Material institucional de la C\u00e1mara de Diputados, Reglamento de la<br>Honorable C\u00e1mara de Diputados de la Naci\u00f3n.<br><\/p>\n\n\n\n<p class=\"has-medium-font-size wp-block-paragraph\">Clase 3: El trabajo en comisiones.<br>Temas:<br>\u00bfQu\u00e9 es una Comisi\u00f3n?<br>Funciones y competencias.<br>Tratamiento de expedientes.<br>Reuniones informativas.<br>Elaboraci\u00f3n de dict\u00e1menes.<br>Construcci\u00f3n de consensos.<br>Bibliograf\u00eda sugerida: Reglamento de la Honorable C\u00e1mara de la Naci\u00f3n, Material<br>Institucional de la C\u00e1mara de Diputados.<br><\/p>\n\n\n\n<p class=\"has-medium-font-size wp-block-paragraph\">Clase 4: Del dictamen al recinto.<br>Temas:<br>Labor parlamentaria.<br>Tipos de sesiones.<br>Qu\u00f3rum.<br>Debate legislativo.<br>Sistemas de votaci\u00f3n.<br>Sanci\u00f3n, promulgaci\u00f3n y publicaci\u00f3n de las leyes.<br>Bibliograf\u00eda sugerida: Reglamento de la Honorable C\u00e1mara de la Naci\u00f3n, Material<br>institucional de la C\u00e1mara de Diputados.<br><\/p>\n\n\n\n<p class=\"has-medium-font-size wp-block-paragraph\">MODALIDAD: H\u00edbrida<br>MATERIAL BIBLIOGRAFICO Y DE CONSULTA:<br>L\u00f3pez Bermejo, Alexa Abigail. De los barrios al recinto: un recorrido legislativo sobre la<br>participaci\u00f3n pol\u00edtica de las mujeres en la Argentina desde el voto femenino hasta la Paridad<br>Parlamentaria.<br>Constituci\u00f3n de la Naci\u00f3n Argentina.<br>Reglamento de la Honorable C\u00e1mara de Diputados de la Naci\u00f3n.<br>Material institucional de la C\u00e1mara de Diputados de la Naci\u00f3n.<\/p>\n\n\n\n<p class=\"has-medium-font-size wp-block-paragraph\">Coordinador\/a:<br>Alexa Abigail L\u00f3pez Bermejo es egresada de la Diplomatura en Gesti\u00f3n Legislativa y Pol\u00edticas P\u00fablicas del Instituto de Capacitaci\u00f3n Parlamentaria (ICaP). Se desempe\u00f1\u00f3 en la Honorable C\u00e1mara de Diputados de la Naci\u00f3n, donde desarroll\u00f3 tareas en las \u00e1reas de Seguridad y Control, y posteriormente en la Comisi\u00f3n Permanente de Industria, participando en actividades vinculadas al trabajo legislativo, el an\u00e1lisis de expedientes y el funcionamiento de las comisiones parlamentarias. Es autora de la investigaci\u00f3n \u201cDe los barrios al recinto: un recorrido legislativo sobre la participaci\u00f3n pol\u00edtica de las mujeres en la Argentina desde el voto femenino hasta la Paridad Parlamentaria\u201d, desarrollada en el marco de la Diplomatura en Gesti\u00f3n Legislativa del ICaP.<\/p>\n\n\n\n<p class=\"has-medium-font-size wp-block-paragraph\">Curs\u00f3 la Diplomatura en Historia del Movimiento Obrero Argentino en la Undav, por intermedio de ATE Capital Federal. Es ex estudiante de la Licenciatura en Ciencia Pol\u00edtica de la Universidad Nacional Madres de Plaza de Mayo, donde curs\u00f3 sus estudios con anterioridad a la intervenci\u00f3n de dicha instituci\u00f3n. Asimismo, integra la agrupaci\u00f3n \u00abLa Hebe de Bonafini\u00bb.<br>Su trayectoria acad\u00e9mica, institucional y militante se encuentra atravesada por el inter\u00e9s en la participaci\u00f3n pol\u00edtica, la representaci\u00f3n democr\u00e1tica y los procesos de ampliaci\u00f3n de derechos en Argentina con perspectiva feminista.<\/p>\n\n\n\n<p class=\"has-medium-font-size wp-block-paragraph\"><strong>Para inscribirse <a href=\"https:\/\/docs.google.com\/forms\/d\/e\/1FAIpQLSebb0xj9cIcdh6pbsSgf-QNROgRkcXFViXRCEwhfALq70aqbg\/viewform\">ingresar a este enlace<\/a><\/strong><\/p>\n\n\n\n<figure class=\"wp-block-image size-large\"><img loading=\"lazy\" decoding=\"async\" width=\"819\" height=\"1024\" src=\"https:\/\/universidadmadres.ar\/wp-content\/uploads\/2026\/09\/herramientas-parla-819x1024.jpeg\" alt=\"\" class=\"wp-image-4652\" srcset=\"https:\/\/universidadmadres.ar\/wp-content\/uploads\/2026\/09\/herramientas-parla-819x1024.jpeg 819w, https:\/\/universidadmadres.ar\/wp-content\/uploads\/2026\/09\/herramientas-parla-240x300.jpeg 240w, https:\/\/universidadmadres.ar\/wp-content\/uploads\/2026\/09\/herramientas-parla-768x960.jpeg 768w, https:\/\/universidadmadres.ar\/wp-content\/uploads\/2026\/09\/herramientas-parla.jpeg 1080w\" sizes=\"auto, (max-width: 819px) 100vw, 819px\" \/><\/figure>\n\n\n\n<p class=\"wp-block-paragraph\"><\/p>\n","protected":false},"excerpt":{"rendered":"<p>Inicio: Mi\u00e9rcoles 16 de septiembre de 18:00 a 20:30 hs.Cierre de la inscripci\u00f3n:Cronograma: 4 encuentrosCoordina: Alexa Abigail L\u00f3pez Bermejo Para inscribirse\u00a0ingresar a este enlace INTRODUCCI\u00d3N:Este curso propone un recorrido por el funcionamiento del Congreso de la Naci\u00f3n, a partir de una mirada pr\u00e1ctica sobre el&#8230;<\/p>\n","protected":false},"author":2,"featured_media":4652,"parent":0,"menu_order":0,"comment_status":"closed","ping_status":"closed","template":"","meta":{"footnotes":""},"class_list":["post-4651","page","type-page","status-publish","has-post-thumbnail","hentry"],"_links":{"self":[{"href":"https:\/\/universidadmadres.ar\/index.php?rest_route=\/wp\/v2\/pages\/4651","targetHints":{"allow":["GET"]}}],"collection":[{"href":"https:\/\/universidadmadres.ar\/index.php?rest_route=\/wp\/v2\/pages"}],"about":[{"href":"https:\/\/universidadmadres.ar\/index.php?rest_route=\/wp\/v2\/types\/page"}],"author":[{"embeddable":true,"href":"https:\/\/universidadmadres.ar\/index.php?rest_route=\/wp\/v2\/users\/2"}],"replies":[{"embeddable":true,"href":"https:\/\/universidadmadres.ar\/index.php?rest_route=%2Fwp%2Fv2%2Fcomments&post=4651"}],"version-history":[{"count":2,"href":"https:\/\/universidadmadres.ar\/index.php?rest_route=\/wp\/v2\/pages\/4651\/revisions"}],"predecessor-version":[{"id":4667,"href":"https:\/\/universidadmadres.ar\/index.php?rest_route=\/wp\/v2\/pages\/4651\/revisions\/4667"}],"wp:featuredmedia":[{"embeddable":true,"href":"https:\/\/universidadmadres.ar\/index.php?rest_route=\/wp\/v2\/media\/4652"}],"wp:attachment":[{"href":"https:\/\/universidadmadres.ar\/index.php?rest_route=%2Fwp%2Fv2%2Fmedia&parent=4651"}],"curies":[{"name":"wp","href":"https:\/\/api.w.org\/{rel}","templated":true}]}}